{"id":1808,"date":"2023-06-07T10:07:35","date_gmt":"2023-06-07T08:07:35","guid":{"rendered":"https:\/\/www.camping-les-chenes.com\/kinderopvangactiviteiten\/"},"modified":"2025-12-19T08:21:59","modified_gmt":"2025-12-19T07:21:59","slug":"kinderopvangactiviteiten","status":"publish","type":"page","link":"https:\/\/www.camping-les-chenes.com\/nl\/kinderopvangactiviteiten\/","title":{"rendered":"Activiteiten rondom de camping"},"content":{"rendered":"<section id=\"ls-section-block_23007db56e26e78ec4c99a8ce7b9fd7b\" class=\"ls-section  page-intro\" >\n        <div class=\"container \">\n        \n\n<h1 class=\"ls__heading wp-block-heading has-text-align-center\">Top dingen om te doen in de Gard<\/h1>\n\n\n    <\/div>\n<\/section><section id=\"ls-section-block_100b5dc9a082621008bc1a495415b45c\" class=\"ls-section  home-piscine page-one section-reverse\" >\n        <div class=\"container container--full\">\n        \n\n<div class=\"wp-block-columns is-layout-flex wp-container-core-columns-is-layout-9d6595d7 wp-block-columns-is-layout-flex\">\n<div class=\"wp-block-column is-vertically-aligned-center is-layout-flow wp-block-column-is-layout-flow\" style=\"flex-basis:33.33%\">\n<h2 class=\"ls__heading wp-block-heading animated fadeInLeft delay-100ms slow\"><strong>Culturele activiteiten rondom de camping<\/strong><\/h2>\n\n\n\n<p class=\"ls-paragraph\"><a href=\"https:\/\/www.camping-les-chenes.com\/nl\/\">Camping les Ch\u00eanes in Junas<\/a> is de ideale uitvalsbasis voor <strong>culturele activiteiten<\/strong>.<\/p>\n\n\n\n<p class=\"ls-paragraph\">Begin juli komt het dorp tot leven op de klanken van het <a href=\"https:\/\/www.jazzajunas.fr\/\" target=\"_blank\" rel=\"noreferrer noopener\">Junas Jazz Festival<\/a>, een niet te missen evenement voor muziekliefhebbers!<\/p>\n\n\n\n<p class=\"ls-paragraph\">Bezoek de <strong>markt van Sommi\u00e8res<\/strong> om lokale producten, ambachten en de mediterrane manier van leven te ontdekken. Dompel je elke zaterdag onder in de sfeer van een van de <strong>bekendste markten<\/strong> van de regio.<\/p>\n<\/div>\n\n\n\n<div class=\"wp-block-column is-layout-flow wp-block-column-is-layout-flow\" style=\"flex-basis:66.66%\">\n<figure class=\"wp-block-gallery has-nested-images columns-default is-cropped page-one wp-block-gallery-1 is-layout-flex wp-block-gallery-is-layout-flex\">\n<figure class=\"wp-block-image size-full figure-1\"><a href=\"https:\/\/www.camping-les-chenes.com\/wp-content\/uploads\/2024\/01\/festival-de-jazz.webp\"><img decoding=\"async\" width=\"1024\" height=\"682\" data-id=\"1589\" src=\"https:\/\/www.camping-les-chenes.com\/wp-content\/uploads\/2024\/01\/festival-de-jazz.webp\" alt=\"jazzfestival\" class=\"wp-image-1589\" srcset=\"https:\/\/www.camping-les-chenes.com\/wp-content\/uploads\/2024\/01\/festival-de-jazz.webp 1024w, https:\/\/www.camping-les-chenes.com\/wp-content\/uploads\/2024\/01\/festival-de-jazz-300x200.webp 300w, https:\/\/www.camping-les-chenes.com\/wp-content\/uploads\/2024\/01\/festival-de-jazz-768x512.webp 768w\" sizes=\"(max-width: 1024px) 100vw, 1024px\" \/><\/a><figcaption class=\"wp-element-caption\">Jazzfestival in Junas<\/figcaption><\/figure>\n\n\n\n<figure class=\"wp-block-image size-full figure-2 animated fadeInDown delay-100ms slow\"><a href=\"https:\/\/www.camping-les-chenes.com\/wp-content\/uploads\/2024\/02\/GardTourisme_04314_Les_Estivales_de_Sommieres_Copyright-_OT_Pays_de_Sommieres_BD.webp\"><img decoding=\"async\" width=\"600\" height=\"800\" data-id=\"2348\" src=\"https:\/\/www.camping-les-chenes.com\/wp-content\/uploads\/2024\/02\/GardTourisme_04314_Les_Estivales_de_Sommieres_Copyright-_OT_Pays_de_Sommieres_BD.webp\" alt=\"GardTourisme 04314 Les Estivales de Sommieres Copyright OT Pays de Sommieres BD\" class=\"wp-image-2348\" srcset=\"https:\/\/www.camping-les-chenes.com\/wp-content\/uploads\/2024\/02\/GardTourisme_04314_Les_Estivales_de_Sommieres_Copyright-_OT_Pays_de_Sommieres_BD.webp 600w, https:\/\/www.camping-les-chenes.com\/wp-content\/uploads\/2024\/02\/GardTourisme_04314_Les_Estivales_de_Sommieres_Copyright-_OT_Pays_de_Sommieres_BD-225x300.webp 225w\" sizes=\"(max-width: 600px) 100vw, 600px\" \/><\/a><figcaption class=\"wp-element-caption\">Markt van Sommieres \u00a9 OT Pays de Sommieres BD &#8211; GardTourisme<\/figcaption><\/figure>\n\n\n\n<figure class=\"wp-block-image size-full figure-3 animated fadeInRight delay-100ms slow\"><a href=\"https:\/\/www.camping-les-chenes.com\/wp-content\/uploads\/2024\/01\/jazz-a-junas.webp\"><img decoding=\"async\" width=\"893\" height=\"583\" data-id=\"1593\" src=\"https:\/\/www.camping-les-chenes.com\/wp-content\/uploads\/2024\/01\/jazz-a-junas.webp\" alt=\"jazz in junas\" class=\"wp-image-1593\" srcset=\"https:\/\/www.camping-les-chenes.com\/wp-content\/uploads\/2024\/01\/jazz-a-junas.webp 893w, https:\/\/www.camping-les-chenes.com\/wp-content\/uploads\/2024\/01\/jazz-a-junas-300x196.webp 300w, https:\/\/www.camping-les-chenes.com\/wp-content\/uploads\/2024\/01\/jazz-a-junas-768x501.webp 768w\" sizes=\"(max-width: 893px) 100vw, 893px\" \/><\/a><figcaption class=\"wp-element-caption\">Jazz Festival<\/figcaption><\/figure>\n<\/figure>\n<\/div>\n<\/div>\n\n\n    <\/div>\n<\/section><section id=\"ls-section-block_40ba588f006c13c8c716b5803131fc1e\" class=\"ls-section  home-ecologie page-two\" >\n        <div class=\"container container--full\">\n        \n\n<div class=\"wp-block-columns first is-layout-flex wp-container-core-columns-is-layout-9d6595d7 wp-block-columns-is-layout-flex\">\n<div class=\"wp-block-column is-layout-flow wp-block-column-is-layout-flow\">\n<figure class=\"wp-block-image size-full\"><img decoding=\"async\" width=\"1190\" height=\"474\" src=\"https:\/\/www.camping-les-chenes.com\/wp-content\/uploads\/2023\/07\/ballade-ane_Junas.jpg\" alt=\"Junas ezeltocht\" class=\"wp-image-1142\" srcset=\"https:\/\/www.camping-les-chenes.com\/wp-content\/uploads\/2023\/07\/ballade-ane_Junas.jpg 1190w, https:\/\/www.camping-les-chenes.com\/wp-content\/uploads\/2023\/07\/ballade-ane_Junas-300x119.jpg 300w, https:\/\/www.camping-les-chenes.com\/wp-content\/uploads\/2023\/07\/ballade-ane_Junas-1024x408.jpg 1024w, https:\/\/www.camping-les-chenes.com\/wp-content\/uploads\/2023\/07\/ballade-ane_Junas-768x306.jpg 768w\" sizes=\"(max-width: 1190px) 100vw, 1190px\" \/><\/figure>\n\n\n\n<div class=\"wp-block-columns second is-layout-flex wp-container-core-columns-is-layout-9d6595d7 wp-block-columns-is-layout-flex\">\n<div class=\"wp-block-column left is-layout-flow wp-block-column-is-layout-flow\" style=\"flex-basis:66.66%\">\n<h2 class=\"ls__heading wp-block-heading\">Gezinsactiviteiten in de buurt van de camping<\/h2>\n\n\n\n<p class=\"ls-paragraph\">Gezinsactiviteiten in de Gard? Dat is niet wat er ontbreekt! Wil je een middag doorbrengen in de <strong>bomen met je kinderen<\/strong>?<\/p>\n\n\n\n<p class=\"ls-paragraph\">Ga naar het <a href=\"https:\/\/rocdemassereau.com\/\" target=\"_blank\" rel=\"noreferrer noopener\">avonturenpark accrobranche in Sommi\u00e8res<\/a>! Je kunt ook een <strong>bezoek plannen aan een boerderij<\/strong>: <a href=\"https:\/\/asineriedesgarrigues.com\/\" target=\"_blank\" rel=\"noreferrer noopener\">Asinerie des garrigues in Sauve<\/a>, voor een <strong>onvergetelijke ontmoeting met ezels<\/strong>!<\/p>\n\n\n\n<p class=\"ls-paragraph\">Laat je kinderen kennismaken met de fauna van de Gard tijdens een bezoek aan het <strong>regionale natuurreservaat Scamandre in Gallician<\/strong>. Tieners zullen ook genieten van het <strong>ontsnappingsspel Raimond<\/strong> en de <strong>zoektocht naar de Heilige Graal<\/strong> in het fort van Beaucaire.<\/p>\n\n\n\n<p class=\"ls-paragraph\">En voor liefhebbers van rustige tochten biedt de <strong><a href=\"\/wp-content\/uploads\/2023\/06\/voie-verte-plan.webp\" target=\"_blank\" rel=\"noreferrer noopener\">Voie verte<\/a><\/strong> een uitzonderlijke ervaring. <strong>Stap op de fiets<\/strong> en ontdek de schilderachtige landschappen van de Gard, een rustig en verkwikkend avontuur voor het hele gezin!<\/p>\n\n\n\n<p class=\"ls-paragraph\">Verken de bewegwijzerde wandelpaden rond Junas door de <strong>bewegwijzerde route<\/strong> te volgen, een uitnodiging om de plaatselijke flora en fauna te ontdekken.<\/p>\n\n\n\n<p class=\"ls-paragraph\">Je kunt ook een dag met het gezin doorbrengen in <a href=\"https:\/\/bambouseraie.fr\/\" target=\"_blank\" rel=\"noreferrer noopener\">de Bambouseraie<\/a>, een tuin die uniek is in Europa. Het is een magische plek waar de natuur hoogtij viert.<\/p>\n<\/div>\n\n\n\n<div class=\"wp-block-column is-vertically-aligned-center right is-layout-flow wp-block-column-is-layout-flow\" style=\"flex-basis:33.33%\"><\/div>\n<\/div>\n<\/div>\n<\/div>\n\n\n    <\/div>\n<\/section><section id=\"ls-section-block_efe14d47cee361472385c8fd43b08d33\" class=\"ls-section  home-piscine page-one\" >\n        <div class=\"container container--full\">\n        \n\n<div class=\"wp-block-columns is-layout-flex wp-container-core-columns-is-layout-9d6595d7 wp-block-columns-is-layout-flex\">\n<div class=\"wp-block-column is-vertically-aligned-center is-layout-flow wp-block-column-is-layout-flow\" style=\"flex-basis:33.33%\">\n<h2 class=\"ls__heading wp-block-heading animated fadeInLeft delay-100ms slow\">De beste activiteiten voor je kinderen<\/h2>\n\n\n\n<p class=\"ls-paragraph\">Om uw kinderen bezig te houden tijdens uw vakantie op een <a href=\"https:\/\/www.camping-les-chenes.com\/nl\/\">camping in de Gard<\/a>, zijn er tal van activiteiten in de omgeving!<\/p>\n\n\n\n<p class=\"ls-paragraph\">Maak een <strong>boottocht<\/strong> naar Aigues-Mortes of Le Grau-du-Roi, of rijd te <strong>paard<\/strong> of <strong>op een ezel<\/strong> naar Notre-Dame-de-la-Rouvi\u00e8re. Maak van de gelegenheid gebruik om ze kennis te laten maken <a href=\"https:\/\/www.seaquarium.fr\/\" target=\"_blank\" rel=\"noreferrer noopener\">met het Seaquarium<\/a> in Le Grau-du-Roi en <strong>de vele soorten vissen en schelpdieren<\/strong>.<br\/>Breng een ontspannen middag door in het <a href=\"http:\/\/www.bouscarasse.fr\/\" target=\"_blank\" rel=\"noreferrer noopener\">familiewaterpark Bouscarasse <\/a>of <a href=\"https:\/\/www.museeharibo.fr\/\" target=\"_blank\" rel=\"noreferrer noopener\">bezoek het Haribo<\/a> snoepmuseum! Een ideale plek om wat quality time door te brengen met baby is <a href=\"https:\/\/www.nimes-aquatropic.com\/\" target=\"_blank\" rel=\"noreferrer noopener\">Aquatropic in N\u00eemes<\/a>, met een <strong>speelruimte speciaal ontworpen voor peuters<\/strong>.<\/p>\n\n\n\n<p class=\"ls-paragraph\">Geniet van de stranden van Le Grau du Roi, La Grande Motte en Palavas les Flots. Ontspanning, zwemmen en watersporten wachten op je. Je kunt de kinderen ook bezig houden met een spelletje <strong>minigolf<\/strong> voor het hele gezin. Je kunt ook deelnemen aan een f\u00eate votive en de <strong>tradities van de Camargue<\/strong> ontdekken. Bekijk de iconische paarden en stieren met je kinderen.<\/p>\n<\/div>\n\n\n\n<div class=\"wp-block-column is-layout-flow wp-block-column-is-layout-flow\" style=\"flex-basis:66.66%\">\n<figure class=\"wp-block-gallery has-nested-images columns-default is-cropped page-one wp-block-gallery-2 is-layout-flex wp-block-gallery-is-layout-flex\">\n<figure class=\"wp-block-image size-large figure-1\"><a href=\"https:\/\/www.camping-les-chenes.com\/wp-content\/uploads\/2023\/07\/Sequarium_Gard.jpg\"><img decoding=\"async\" width=\"1024\" height=\"682\" data-id=\"740\" src=\"https:\/\/www.camping-les-chenes.com\/wp-content\/uploads\/2023\/07\/Sequarium_Gard-1024x682.jpg\" alt=\"Sequarium Gard\" class=\"wp-image-740\" srcset=\"https:\/\/www.camping-les-chenes.com\/wp-content\/uploads\/2023\/07\/Sequarium_Gard-1024x682.jpg 1024w, https:\/\/www.camping-les-chenes.com\/wp-content\/uploads\/2023\/07\/Sequarium_Gard-300x200.jpg 300w, https:\/\/www.camping-les-chenes.com\/wp-content\/uploads\/2023\/07\/Sequarium_Gard-768x511.jpg 768w, https:\/\/www.camping-les-chenes.com\/wp-content\/uploads\/2023\/07\/Sequarium_Gard.jpg 1199w\" sizes=\"(max-width: 1024px) 100vw, 1024px\" \/><\/a><figcaption class=\"wp-element-caption\">Zeeaquarium<\/figcaption><\/figure>\n\n\n\n<figure class=\"wp-block-image size-large figure-2 animated fadeInDown delay-100ms slow\"><a href=\"https:\/\/www.camping-les-chenes.com\/wp-content\/uploads\/2023\/07\/balade-cheval_.jpg\"><img decoding=\"async\" width=\"1024\" height=\"688\" data-id=\"736\" src=\"https:\/\/www.camping-les-chenes.com\/wp-content\/uploads\/2023\/07\/balade-cheval_-1024x688.jpg\" alt=\"paardrijtocht\" class=\"wp-image-736\" srcset=\"https:\/\/www.camping-les-chenes.com\/wp-content\/uploads\/2023\/07\/balade-cheval_-1024x688.jpg 1024w, https:\/\/www.camping-les-chenes.com\/wp-content\/uploads\/2023\/07\/balade-cheval_-300x202.jpg 300w, https:\/\/www.camping-les-chenes.com\/wp-content\/uploads\/2023\/07\/balade-cheval_-768x516.jpg 768w, https:\/\/www.camping-les-chenes.com\/wp-content\/uploads\/2023\/07\/balade-cheval_.jpg 1199w\" sizes=\"(max-width: 1024px) 100vw, 1024px\" \/><\/a><\/figure>\n\n\n\n<figure class=\"wp-block-image size-full figure-3 animated fadeInRight delay-100ms slow\"><a href=\"https:\/\/www.camping-les-chenes.com\/wp-content\/uploads\/2023\/07\/Aigues-Mortes-velo_.jpg\"><img decoding=\"async\" width=\"893\" height=\"583\" data-id=\"742\" src=\"https:\/\/www.camping-les-chenes.com\/wp-content\/uploads\/2023\/07\/Aigues-Mortes-velo_.jpg\" alt=\"Aigues Mortes velo\" class=\"wp-image-742\" srcset=\"https:\/\/www.camping-les-chenes.com\/wp-content\/uploads\/2023\/07\/Aigues-Mortes-velo_.jpg 893w, https:\/\/www.camping-les-chenes.com\/wp-content\/uploads\/2023\/07\/Aigues-Mortes-velo_-300x196.jpg 300w, https:\/\/www.camping-les-chenes.com\/wp-content\/uploads\/2023\/07\/Aigues-Mortes-velo_-768x501.jpg 768w\" sizes=\"(max-width: 893px) 100vw, 893px\" \/><\/a><\/figure>\n<\/figure>\n<\/div>\n<\/div>\n\n\n    <\/div>\n<\/section><section id=\"ls-section-block_8763a0aeb08a748f07f2bac36220d5ea\" class=\"ls-section  home-piscine page-three\" >\n        <div class=\"container container--full\">\n        \n\n<div class=\"wp-block-columns is-layout-flex wp-container-core-columns-is-layout-9d6595d7 wp-block-columns-is-layout-flex\">\n<div class=\"wp-block-column is-layout-flow wp-block-column-is-layout-flow\" style=\"flex-basis:66.66%\">\n<figure class=\"wp-block-gallery has-nested-images columns-default is-cropped page-one wp-block-gallery-3 is-layout-flex wp-block-gallery-is-layout-flex\">\n<figure class=\"wp-block-image size-large figure-1\"><a href=\"https:\/\/www.camping-les-chenes.com\/wp-content\/uploads\/2023\/07\/canoe-kayak-Ju.jpg\"><img decoding=\"async\" width=\"1024\" height=\"673\" data-id=\"746\" src=\"https:\/\/www.camping-les-chenes.com\/wp-content\/uploads\/2023\/07\/canoe-kayak-Ju-1024x673.jpg\" alt=\"kano kajak Ju\" class=\"wp-image-746\" srcset=\"https:\/\/www.camping-les-chenes.com\/wp-content\/uploads\/2023\/07\/canoe-kayak-Ju-1024x673.jpg 1024w, https:\/\/www.camping-les-chenes.com\/wp-content\/uploads\/2023\/07\/canoe-kayak-Ju-300x197.jpg 300w, https:\/\/www.camping-les-chenes.com\/wp-content\/uploads\/2023\/07\/canoe-kayak-Ju-768x505.jpg 768w, https:\/\/www.camping-les-chenes.com\/wp-content\/uploads\/2023\/07\/canoe-kayak-Ju.jpg 1196w\" sizes=\"(max-width: 1024px) 100vw, 1024px\" \/><\/a><figcaption class=\"wp-element-caption\">Pont du Gard<\/figcaption><\/figure>\n\n\n\n<figure class=\"wp-block-image size-large figure-2 animated fadeInDown delay-100ms slow\"><a href=\"https:\/\/www.camping-les-chenes.com\/wp-content\/uploads\/2023\/07\/Via-ferrata-Gorges-du-Gardon_11zon.jpg\"><img decoding=\"async\" width=\"1024\" height=\"644\" data-id=\"748\" src=\"https:\/\/www.camping-les-chenes.com\/wp-content\/uploads\/2023\/07\/Via-ferrata-Gorges-du-Gardon_11zon-1024x644.jpg\" alt=\"Klettersteig Gorges du Gardon 11zon\" class=\"wp-image-748\" srcset=\"https:\/\/www.camping-les-chenes.com\/wp-content\/uploads\/2023\/07\/Via-ferrata-Gorges-du-Gardon_11zon-1024x644.jpg 1024w, https:\/\/www.camping-les-chenes.com\/wp-content\/uploads\/2023\/07\/Via-ferrata-Gorges-du-Gardon_11zon-300x189.jpg 300w, https:\/\/www.camping-les-chenes.com\/wp-content\/uploads\/2023\/07\/Via-ferrata-Gorges-du-Gardon_11zon-768x483.jpg 768w, https:\/\/www.camping-les-chenes.com\/wp-content\/uploads\/2023\/07\/Via-ferrata-Gorges-du-Gardon_11zon.jpg 1195w\" sizes=\"(max-width: 1024px) 100vw, 1024px\" \/><\/a><\/figure>\n\n\n\n<figure class=\"wp-block-image size-large figure-3 animated fadeInLeft delay-100ms slow\"><a href=\"https:\/\/www.camping-les-chenes.com\/wp-content\/uploads\/2023\/07\/Quad-Junas_.jpg\"><img decoding=\"async\" width=\"1024\" height=\"745\" data-id=\"750\" src=\"https:\/\/www.camping-les-chenes.com\/wp-content\/uploads\/2023\/07\/Quad-Junas_-1024x745.jpg\" alt=\"Quadara's\" class=\"wp-image-750\" srcset=\"https:\/\/www.camping-les-chenes.com\/wp-content\/uploads\/2023\/07\/Quad-Junas_-1024x745.jpg 1024w, https:\/\/www.camping-les-chenes.com\/wp-content\/uploads\/2023\/07\/Quad-Junas_-300x218.jpg 300w, https:\/\/www.camping-les-chenes.com\/wp-content\/uploads\/2023\/07\/Quad-Junas_-768x559.jpg 768w, https:\/\/www.camping-les-chenes.com\/wp-content\/uploads\/2023\/07\/Quad-Junas_.jpg 1186w\" sizes=\"(max-width: 1024px) 100vw, 1024px\" \/><\/a><\/figure>\n<\/figure>\n<\/div>\n\n\n\n<div class=\"wp-block-column is-vertically-aligned-center is-layout-flow wp-block-column-is-layout-flow\" style=\"flex-basis:33.33%\">\n<h2 class=\"ls__heading wp-block-heading animated fadeInRight delay-100ms slow\">Sportactiviteiten in de Gard<\/h2>\n\n\n\n<p class=\"ls-paragraph\">Ontdek alle sportactiviteiten in de Gard (netwerk voor toerisme in de Gard)!<\/p>\n\n\n\n<p class=\"ls-paragraph\">Mis een aantal <strong>must-do activiteiten<\/strong> voor gezinnen, vrienden of stellen niet: kano\u00ebn of kajakken op de Vidourle, elektrische scooters in de buurt van N\u00eemes, quad rijden rond Uz\u00e8s, ultralight vliegen in N\u00eemes.<\/p>\n\n\n\n<p class=\"ls-paragraph\">Een trendy <strong>sportactiviteit<\/strong>? Een spelletje <strong>paintball<\/strong> in N\u00eemes en een paar rondjes over het <strong>kartcircuit<\/strong> bij Racing Kart in Beaucaire. Voor de sportievelingen wacht de <strong>ViaFerrata<\/strong> op je in Saint-S\u00e9ri\u00e8s.<\/p>\n<\/div>\n<\/div>\n\n\n    <\/div>\n<\/section><section id=\"ls-section-block_509770afe807b7a919e08c80ed1a27a1\" class=\"ls-section  page-maillage\" >\n        <div class=\"container container--wide\">\n        \n\n<div id=\"ls-heading ls-titre-div-block_6111a762d8f954ee64f2291104cf8fc0\" class=\"ls-titre-div h2-like\" >\n    Ontdek de activiteiten rondom de camping, onze snackbar en ons zwemparadijs!<\/div>\n\n\n<div id=\"ls-maillage-block_c46fee02bacb7596369304813a26a8dc\" class=\"ls-maillage cta-style-normal\" data-rows=\"3\">\n    <div class=\"wp-block-columns\"><div class=\"wp-block-column\">\n\n<a href=\"https:\/\/www.camping-les-chenes.com\/nl\/familiecamping-in-junas\/\" target=\"\" rel=\"noopener\" class=\"ls-cta__link\">\n\n\t<div class=\"ls-cta__image\"><img decoding=\"async\" src=\"https:\/\/www.camping-les-chenes.com\/wp-content\/uploads\/2023\/12\/bar-terrasse-snack-junas-1-768x576.webp\" alt=\"bar terras snack junas\"><\/div>\n\t<div class=\"ls-cta__title\">\n\t\tSnack en diensten\t<\/div>\n\n\t\t\n<\/a><\/div><div class=\"wp-block-column\">\n\n<a href=\"https:\/\/www.camping-les-chenes.com\/nl\/camping-watergebied-in-junas\/\" target=\"\" rel=\"noopener\" class=\"ls-cta__link\">\n\n\t<div class=\"ls-cta__image\"><img decoding=\"async\" src=\"https:\/\/www.camping-les-chenes.com\/wp-content\/uploads\/2023\/12\/camping-piscine-gard-768x548.webp\" alt=\"camping zwembad gard\"><\/div>\n\t<div class=\"ls-cta__title\">\n\t\tAquatisch gebied\t<\/div>\n\n\t\t\n<\/a><\/div><div class=\"wp-block-column\">\n\n<a href=\"https:\/\/www.camping-les-chenes.com\/nl\/toerisme-gard\/\" target=\"\" rel=\"noopener\" class=\"ls-cta__link\">\n\n\t<div class=\"ls-cta__image\"><img decoding=\"async\" src=\"https:\/\/www.camping-les-chenes.com\/wp-content\/uploads\/2023\/07\/Sommieres-vue-768x505.jpg\" alt=\"Camping Les Sommiers\"><\/div>\n\t<div class=\"ls-cta__title\">\n\t\tBezienswaardigheden in de buurt van de camping\t<\/div>\n\n\t\t\n<\/a><\/div><\/div><\/div>\n\n    <\/div>\n<\/section>","protected":false},"excerpt":{"rendered":"","protected":false},"author":1,"featured_media":1814,"parent":0,"menu_order":0,"comment_status":"closed","ping_status":"closed","template":"","meta":{"_acf_changed":false,"footnotes":""},"sujet":[],"class_list":["post-1808","page","type-page","status-publish","has-post-thumbnail","hentry"],"acf":[],"yoast_head":"<!-- This site is optimized with the Yoast SEO plugin v26.2 - https:\/\/yoast.com\/wordpress\/plugins\/seo\/ -->\n<title>Activiteiten om te doen in de Gard | Sportactiviteiten om te doen in de Gard<\/title>\n<meta name=\"robots\" content=\"index, follow, max-snippet:-1, max-image-preview:large, max-video-preview:-1\" \/>\n<link rel=\"canonical\" href=\"https:\/\/www.camping-les-chenes.com\/nl\/kinderopvangactiviteiten\/\" \/>\n<meta property=\"og:locale\" content=\"nl_NL\" \/>\n<meta property=\"og:type\" content=\"article\" \/>\n<meta property=\"og:title\" content=\"Activiteiten om te doen in de Gard | Sportactiviteiten om te doen in de Gard\" \/>\n<meta property=\"og:url\" content=\"https:\/\/www.camping-les-chenes.com\/nl\/kinderopvangactiviteiten\/\" \/>\n<meta property=\"og:site_name\" content=\"Camping les Ch\u00eanes\" \/>\n<meta property=\"article:modified_time\" content=\"2025-12-19T07:21:59+00:00\" \/>\n<meta property=\"og:image\" content=\"https:\/\/www.camping-les-chenes.com\/wp-content\/uploads\/2023\/07\/canoe-kayak-Ju.jpg\" \/>\n\t<meta property=\"og:image:width\" content=\"1196\" \/>\n\t<meta property=\"og:image:height\" content=\"786\" \/>\n\t<meta property=\"og:image:type\" content=\"image\/jpeg\" \/>\n<meta name=\"twitter:card\" content=\"summary_large_image\" \/>\n<meta name=\"twitter:label1\" content=\"Geschatte leestijd\" \/>\n\t<meta name=\"twitter:data1\" content=\"3 minuten\" \/>\n<script type=\"application\/ld+json\" class=\"yoast-schema-graph\">{\"@context\":\"https:\/\/schema.org\",\"@graph\":[{\"@type\":\"WebPage\",\"@id\":\"https:\/\/www.camping-les-chenes.com\/nl\/kinderopvangactiviteiten\/\",\"url\":\"https:\/\/www.camping-les-chenes.com\/nl\/kinderopvangactiviteiten\/\",\"name\":\"Activiteiten om te doen in de Gard | Sportactiviteiten om te doen in de Gard\",\"isPartOf\":{\"@id\":\"https:\/\/www.camping-les-chenes.com\/#website\"},\"primaryImageOfPage\":{\"@id\":\"https:\/\/www.camping-les-chenes.com\/nl\/kinderopvangactiviteiten\/#primaryimage\"},\"image\":{\"@id\":\"https:\/\/www.camping-les-chenes.com\/nl\/kinderopvangactiviteiten\/#primaryimage\"},\"thumbnailUrl\":\"https:\/\/www.camping-les-chenes.com\/wp-content\/uploads\/2023\/07\/canoe-kayak-Ju.jpg\",\"datePublished\":\"2023-06-07T08:07:35+00:00\",\"dateModified\":\"2025-12-19T07:21:59+00:00\",\"breadcrumb\":{\"@id\":\"https:\/\/www.camping-les-chenes.com\/nl\/kinderopvangactiviteiten\/#breadcrumb\"},\"inLanguage\":\"nl-NL\",\"potentialAction\":[{\"@type\":\"ReadAction\",\"target\":[\"https:\/\/www.camping-les-chenes.com\/nl\/kinderopvangactiviteiten\/\"]}]},{\"@type\":\"ImageObject\",\"inLanguage\":\"nl-NL\",\"@id\":\"https:\/\/www.camping-les-chenes.com\/nl\/kinderopvangactiviteiten\/#primaryimage\",\"url\":\"https:\/\/www.camping-les-chenes.com\/wp-content\/uploads\/2023\/07\/canoe-kayak-Ju.jpg\",\"contentUrl\":\"https:\/\/www.camping-les-chenes.com\/wp-content\/uploads\/2023\/07\/canoe-kayak-Ju.jpg\",\"width\":1196,\"height\":786,\"caption\":\"Camping kano kajak Junas\"},{\"@type\":\"BreadcrumbList\",\"@id\":\"https:\/\/www.camping-les-chenes.com\/nl\/kinderopvangactiviteiten\/#breadcrumb\",\"itemListElement\":[{\"@type\":\"ListItem\",\"position\":1,\"name\":\"Camping Gard\",\"item\":\"https:\/\/www.camping-les-chenes.com\/nl\/\"},{\"@type\":\"ListItem\",\"position\":2,\"name\":\"Dingen om te doen in de Gard\"}]},{\"@type\":\"WebSite\",\"@id\":\"https:\/\/www.camping-les-chenes.com\/#website\",\"url\":\"https:\/\/www.camping-les-chenes.com\/\",\"name\":\"Camping les Ch\u00eanes\",\"description\":\"\",\"publisher\":{\"@id\":\"https:\/\/www.camping-les-chenes.com\/#organization\"},\"potentialAction\":[{\"@type\":\"SearchAction\",\"target\":{\"@type\":\"EntryPoint\",\"urlTemplate\":\"https:\/\/www.camping-les-chenes.com\/?s={search_term_string}\"},\"query-input\":{\"@type\":\"PropertyValueSpecification\",\"valueRequired\":true,\"valueName\":\"search_term_string\"}}],\"inLanguage\":\"nl-NL\"},{\"@type\":\"Organization\",\"@id\":\"https:\/\/www.camping-les-chenes.com\/#organization\",\"name\":\"Camping les Ch\u00eanes\",\"url\":\"https:\/\/www.camping-les-chenes.com\/\",\"logo\":{\"@type\":\"ImageObject\",\"inLanguage\":\"nl-NL\",\"@id\":\"https:\/\/www.camping-les-chenes.com\/#\/schema\/logo\/image\/\",\"url\":\"https:\/\/www.camping-les-chenes.com\/wp-content\/uploads\/2023\/06\/cropped-camping-les-chenes-junas-1.png\",\"contentUrl\":\"https:\/\/www.camping-les-chenes.com\/wp-content\/uploads\/2023\/06\/cropped-camping-les-chenes-junas-1.png\",\"width\":650,\"height\":413,\"caption\":\"Camping les Ch\u00eanes\"},\"image\":{\"@id\":\"https:\/\/www.camping-les-chenes.com\/#\/schema\/logo\/image\/\"}}]}<\/script>\n<!-- \/ Yoast SEO plugin. -->","yoast_head_json":{"title":"Activiteiten om te doen in de Gard | Sportactiviteiten om te doen in de Gard","robots":{"index":"index","follow":"follow","max-snippet":"max-snippet:-1","max-image-preview":"max-image-preview:large","max-video-preview":"max-video-preview:-1"},"canonical":"https:\/\/www.camping-les-chenes.com\/nl\/kinderopvangactiviteiten\/","og_locale":"nl_NL","og_type":"article","og_title":"Activiteiten om te doen in de Gard | Sportactiviteiten om te doen in de Gard","og_url":"https:\/\/www.camping-les-chenes.com\/nl\/kinderopvangactiviteiten\/","og_site_name":"Camping les Ch\u00eanes","article_modified_time":"2025-12-19T07:21:59+00:00","og_image":[{"width":1196,"height":786,"url":"https:\/\/www.camping-les-chenes.com\/wp-content\/uploads\/2023\/07\/canoe-kayak-Ju.jpg","type":"image\/jpeg"}],"twitter_card":"summary_large_image","twitter_misc":{"Geschatte leestijd":"3 minuten"},"schema":{"@context":"https:\/\/schema.org","@graph":[{"@type":"WebPage","@id":"https:\/\/www.camping-les-chenes.com\/nl\/kinderopvangactiviteiten\/","url":"https:\/\/www.camping-les-chenes.com\/nl\/kinderopvangactiviteiten\/","name":"Activiteiten om te doen in de Gard | Sportactiviteiten om te doen in de Gard","isPartOf":{"@id":"https:\/\/www.camping-les-chenes.com\/#website"},"primaryImageOfPage":{"@id":"https:\/\/www.camping-les-chenes.com\/nl\/kinderopvangactiviteiten\/#primaryimage"},"image":{"@id":"https:\/\/www.camping-les-chenes.com\/nl\/kinderopvangactiviteiten\/#primaryimage"},"thumbnailUrl":"https:\/\/www.camping-les-chenes.com\/wp-content\/uploads\/2023\/07\/canoe-kayak-Ju.jpg","datePublished":"2023-06-07T08:07:35+00:00","dateModified":"2025-12-19T07:21:59+00:00","breadcrumb":{"@id":"https:\/\/www.camping-les-chenes.com\/nl\/kinderopvangactiviteiten\/#breadcrumb"},"inLanguage":"nl-NL","potentialAction":[{"@type":"ReadAction","target":["https:\/\/www.camping-les-chenes.com\/nl\/kinderopvangactiviteiten\/"]}]},{"@type":"ImageObject","inLanguage":"nl-NL","@id":"https:\/\/www.camping-les-chenes.com\/nl\/kinderopvangactiviteiten\/#primaryimage","url":"https:\/\/www.camping-les-chenes.com\/wp-content\/uploads\/2023\/07\/canoe-kayak-Ju.jpg","contentUrl":"https:\/\/www.camping-les-chenes.com\/wp-content\/uploads\/2023\/07\/canoe-kayak-Ju.jpg","width":1196,"height":786,"caption":"Camping kano kajak Junas"},{"@type":"BreadcrumbList","@id":"https:\/\/www.camping-les-chenes.com\/nl\/kinderopvangactiviteiten\/#breadcrumb","itemListElement":[{"@type":"ListItem","position":1,"name":"Camping Gard","item":"https:\/\/www.camping-les-chenes.com\/nl\/"},{"@type":"ListItem","position":2,"name":"Dingen om te doen in de Gard"}]},{"@type":"WebSite","@id":"https:\/\/www.camping-les-chenes.com\/#website","url":"https:\/\/www.camping-les-chenes.com\/","name":"Camping les Ch\u00eanes","description":"","publisher":{"@id":"https:\/\/www.camping-les-chenes.com\/#organization"},"potentialAction":[{"@type":"SearchAction","target":{"@type":"EntryPoint","urlTemplate":"https:\/\/www.camping-les-chenes.com\/?s={search_term_string}"},"query-input":{"@type":"PropertyValueSpecification","valueRequired":true,"valueName":"search_term_string"}}],"inLanguage":"nl-NL"},{"@type":"Organization","@id":"https:\/\/www.camping-les-chenes.com\/#organization","name":"Camping les Ch\u00eanes","url":"https:\/\/www.camping-les-chenes.com\/","logo":{"@type":"ImageObject","inLanguage":"nl-NL","@id":"https:\/\/www.camping-les-chenes.com\/#\/schema\/logo\/image\/","url":"https:\/\/www.camping-les-chenes.com\/wp-content\/uploads\/2023\/06\/cropped-camping-les-chenes-junas-1.png","contentUrl":"https:\/\/www.camping-les-chenes.com\/wp-content\/uploads\/2023\/06\/cropped-camping-les-chenes-junas-1.png","width":650,"height":413,"caption":"Camping les Ch\u00eanes"},"image":{"@id":"https:\/\/www.camping-les-chenes.com\/#\/schema\/logo\/image\/"}}]}},"_links":{"self":[{"href":"https:\/\/www.camping-les-chenes.com\/nl\/wp-json\/wp\/v2\/pages\/1808","targetHints":{"allow":["GET"]}}],"collection":[{"href":"https:\/\/www.camping-les-chenes.com\/nl\/wp-json\/wp\/v2\/pages"}],"about":[{"href":"https:\/\/www.camping-les-chenes.com\/nl\/wp-json\/wp\/v2\/types\/page"}],"author":[{"embeddable":true,"href":"https:\/\/www.camping-les-chenes.com\/nl\/wp-json\/wp\/v2\/users\/1"}],"replies":[{"embeddable":true,"href":"https:\/\/www.camping-les-chenes.com\/nl\/wp-json\/wp\/v2\/comments?post=1808"}],"version-history":[{"count":27,"href":"https:\/\/www.camping-les-chenes.com\/nl\/wp-json\/wp\/v2\/pages\/1808\/revisions"}],"predecessor-version":[{"id":3270,"href":"https:\/\/www.camping-les-chenes.com\/nl\/wp-json\/wp\/v2\/pages\/1808\/revisions\/3270"}],"wp:featuredmedia":[{"embeddable":true,"href":"https:\/\/www.camping-les-chenes.com\/nl\/wp-json\/wp\/v2\/media\/1814"}],"wp:attachment":[{"href":"https:\/\/www.camping-les-chenes.com\/nl\/wp-json\/wp\/v2\/media?parent=1808"}],"wp:term":[{"taxonomy":"sujet","embeddable":true,"href":"https:\/\/www.camping-les-chenes.com\/nl\/wp-json\/wp\/v2\/sujet?post=1808"}],"curies":[{"name":"wp","href":"https:\/\/api.w.org\/{rel}","templated":true}]}}