{"id":1793,"date":"2023-06-07T10:06:36","date_gmt":"2023-06-07T08:06:36","guid":{"rendered":"https:\/\/www.camping-les-chenes.com\/stacaravan-huren-in-junas\/"},"modified":"2025-12-18T23:08:23","modified_gmt":"2025-12-18T22:08:23","slug":"stacaravan-huren-in-junas","status":"publish","type":"page","link":"https:\/\/www.camping-les-chenes.com\/nl\/stacaravan-huren-in-junas\/","title":{"rendered":"Verhuur"},"content":{"rendered":"<section id=\"ls-section-block_71c13c4884e6240d4b604245b6c9fc2e\" class=\"ls-section  page-intro has-m-b m-b-0 has-p-b p-b-0\" >\n        <div class=\"container \">\n        \n\n<h1 class=\"ls__heading wp-block-heading has-text-align-center\">Huur een stacaravan met airconditioning in de Gard<\/h1>\n\n\n    <\/div>\n<\/section><section id=\"ls-section-block_4aaf6a534df35bf7556d444051c74f27\" class=\"ls-section  page-hebergements has-m-t m-t-0\" >\n        <div class=\"container container--wide\">\n        \n\n<div id=\"ls-hebergements-block_03464a409ac197442ce4d5efd53938df\" class=\"ls-hebergements\">\n\n    <div class=\"ls-customizer\">\n\n    <div class=\"ls-customizer__filters\">\n        <div class=\"ls-customizer__filters__close\">\n            <i class=\"fas fa-times\"><\/i>\n        <\/div>\n\n        <div class=\"ls-customizer__filters__title\">\n            <b>Filtres<\/b>\n            <span class=\"ls-customizer__filters__clear\"><i class=\"fas fa-times\"><\/i> Filters verwijderen<\/span>\n        <\/div>\n\n                \n        <!-- Filtres ACF fields -->\n        \n                                <!-- Filtre nombre_de_personnes -->\n                        <div class=\"filter\" id=\"filter-nombre_de_personnes\">\n                <div class=\"filter__title\">Maximale capaciteit<i class=\"fas fa-angle-down\"><\/i> <\/div>\n                <fieldset data-filter=\"nombre_de_personnes\" data-operator=\"<=\" class=\"input\">\n\n                    <div><input type=\"radio\" name=\"nombre_de_personnes\" id=\"nombre_de_personnes-all\"  class=\"checkbox\" \/><label for='nombre_de_personnes-all'>Tous<\/label><\/div><div><input type=\"radio\" name=\"nombre_de_personnes\" id=\"nombre_de_personnes-2\" value=\"2\" class=\"checkbox\"  \/><label for='nombre_de_personnes-2'>Tot 2 pers.<\/label><\/div><div><input type=\"radio\" name=\"nombre_de_personnes\" id=\"nombre_de_personnes-4\" value=\"4\" class=\"checkbox\"  \/><label for='nombre_de_personnes-4'>Tot 4 pers.<\/label><\/div><div><input type=\"radio\" name=\"nombre_de_personnes\" id=\"nombre_de_personnes-6\" value=\"6\" class=\"checkbox\"  \/><label for='nombre_de_personnes-6'>Tot 6 pers.<\/label><\/div>                <\/fieldset>\n\n\n\n\n            <\/div>\n                                <!-- Filtre nombre_de_chambres -->\n                        <div class=\"filter\" id=\"filter-nombre_de_chambres\">\n                <div class=\"filter__title\">Aantal slaapkamers<i class=\"fas fa-angle-down\"><\/i> <\/div>\n                <fieldset data-filter=\"nombre_de_chambres\" data-operator=\"==\" class=\"input\">\n\n                    <div><input type=\"radio\" name=\"nombre_de_chambres\" id=\"nombre_de_chambres-all\"  class=\"checkbox\" \/><label for='nombre_de_chambres-all'>Tous<\/label><\/div><div><input type=\"radio\" name=\"nombre_de_chambres\" id=\"nombre_de_chambres-1\" value=\"1\" class=\"checkbox\"  \/><label for='nombre_de_chambres-1'>1<\/label><\/div><div><input type=\"radio\" name=\"nombre_de_chambres\" id=\"nombre_de_chambres-2\" value=\"2\" class=\"checkbox\"  \/><label for='nombre_de_chambres-2'>2<\/label><\/div><div><input type=\"radio\" name=\"nombre_de_chambres\" id=\"nombre_de_chambres-3\" value=\"3\" class=\"checkbox\"  \/><label for='nombre_de_chambres-3'>3<\/label><\/div>                <\/fieldset>\n\n\n\n\n            <\/div>\n                    \n        \n    <\/div>\n\n    <div class=\"ls-customizer__orders\">\n        <i class=\"fas fa-sort\"><\/i>\n        <select class=\"select-order\">\n            <option selected value>Sorteren op<\/option>\n            <option value=\"price-asc\">Stijgende prijs<\/option>\n            <option value=\"price-desc\">Prijs dalend<\/option>\n        <\/select>\n    <\/div>\n\n<\/div><div class=\"ls-hebergements__results\" data-row=\"3\" data-campings=\"false\" data-types=\"[15]\"><div class=\"ls-hebergement\" data-postid='2993' data-id-reservation='138966' data-id-site='' data-id1='' data-nombre_de_personnes='2' data-nombre_de_chambres='1' data-type='location mobil-home'>\n\t<div class=\"ls-hebergement__thumb\">\n\t\t\t\t<img decoding=\"async\" src=\"https:\/\/www.camping-les-chenes.com\/wp-content\/uploads\/2024\/12\/NEST_20_PLAN_AVEC_TERRASSE.png\" alt=\"MOBIL HOME Premium Airconditioning \u2013 TV \u2013 Afwasmachine \u2013 1 ch \u2013 20m\u00b2\/ Santoline\" \/>\n\t<\/div>\n\t \n\t<div class=\"ls-hebergement__content\">\n\t\t<div class=\"ls-hebergement__title\">\n\t\t\tMOBIL HOME Premium Airconditioning \u2013 TV \u2013 Afwasmachine \u2013 1 ch \u2013 20m\u00b2\/ Santoline\t\t<\/div>\n\n\t\t<div class=\"ls-hebergement__details\">\n\n\t\t\t<div class=\"ls-hebergement__icons\">\n\n\t\t\t\t\t\t\t\t\t<span class=\"ls-hebergement__icon\">\n\t\t\t\t\t\t<i class=\"chenes-famille\"><\/i>\n\t\t\t\t\t\t<span>2<\/span>\n\t\t\t\t\t<\/span>\n\t\t\t\t\n\t\t\t\t\t\t\t\t\t<span class=\"ls-hebergement__icon\">\n\t\t\t\t\t\t<i class=\"chenes-porte\"><\/i>\n\t\t\t\t\t\t<span>1<\/span>\n\t\t\t\t\t<\/span>\n\t\t\t\t\n\t\t\t\t\t\t\t\t\t<span class=\"ls-hebergement__icon\">\n\t\t\t\t\t\t<i class=\"chenes-douche\"><\/i>\n\t\t\t\t\t\t<span>1<\/span>\n\t\t\t\t\t<\/span>\n\t\t\t\t\n\t\t\t\t\t\t\t\t\t<span class=\"ls-hebergement__icon\">\n\t\t\t\t\t\t<i class=\"chenes-surface\"><\/i>\n\t\t\t\t\t\t<span>20m\u00b2<\/span>\n\t\t\t\t\t<\/span>\n\t\t\t\t\n\t\t\t<\/div>\n\n\t\t\t<div class=\"ls-hebergement__options\">\n\t\t\t\t\t\t\t<\/div>\n\t\t<\/div>\n\t\t<div class=\"ls-hebergement__disponibilite ls-button aligncenter\">\n\t\t\t<span class=\"text\">Ontdek<\/span><span class=\"chenes-arrow\"><\/span>\n\t\t<\/div>\n\t<\/div>\n<\/div><div class=\"ls-hebergement\" data-postid='2819' data-id-reservation='131541' data-id-site='' data-id1='' data-nombre_de_personnes='4' data-nombre_de_chambres='2' data-type='location mobil-home'>\n\t<div class=\"ls-hebergement__thumb\">\n\t\t\t\t<img decoding=\"async\" src=\"https:\/\/www.camping-les-chenes.com\/wp-content\/uploads\/2023\/06\/MH-25.jpg\" alt=\"MOBIL HOME Premium Airconditioning \u2013 TV \u2013 Afwasmachine \u2013 2 slaapkamers \u2013 4 x 8.20m \/ Amandelboom\" \/>\n\t<\/div>\n\t \n\t<div class=\"ls-hebergement__content\">\n\t\t<div class=\"ls-hebergement__title\">\n\t\t\tMOBIL HOME Premium Airconditioning \u2013 TV \u2013 Afwasmachine \u2013 2 slaapkamers \u2013 4 x 8.20m \/ Amandelboom\t\t<\/div>\n\n\t\t<div class=\"ls-hebergement__details\">\n\n\t\t\t<div class=\"ls-hebergement__icons\">\n\n\t\t\t\t\t\t\t\t\t<span class=\"ls-hebergement__icon\">\n\t\t\t\t\t\t<i class=\"chenes-famille\"><\/i>\n\t\t\t\t\t\t<span>4<\/span>\n\t\t\t\t\t<\/span>\n\t\t\t\t\n\t\t\t\t\t\t\t\t\t<span class=\"ls-hebergement__icon\">\n\t\t\t\t\t\t<i class=\"chenes-porte\"><\/i>\n\t\t\t\t\t\t<span>2<\/span>\n\t\t\t\t\t<\/span>\n\t\t\t\t\n\t\t\t\t\t\t\t\t\t<span class=\"ls-hebergement__icon\">\n\t\t\t\t\t\t<i class=\"chenes-douche\"><\/i>\n\t\t\t\t\t\t<span>1<\/span>\n\t\t\t\t\t<\/span>\n\t\t\t\t\n\t\t\t\t\t\t\t\t\t<span class=\"ls-hebergement__icon\">\n\t\t\t\t\t\t<i class=\"chenes-surface\"><\/i>\n\t\t\t\t\t\t<span>32,8m\u00b2<\/span>\n\t\t\t\t\t<\/span>\n\t\t\t\t\n\t\t\t<\/div>\n\n\t\t\t<div class=\"ls-hebergement__options\">\n\t\t\t\t\t\t\t<\/div>\n\t\t<\/div>\n\t\t<div class=\"ls-hebergement__disponibilite ls-button aligncenter\">\n\t\t\t<span class=\"text\">Ontdek<\/span><span class=\"chenes-arrow\"><\/span>\n\t\t<\/div>\n\t<\/div>\n<\/div><div class=\"ls-hebergement\" data-postid='1743' data-id-reservation='10405' data-id-site='' data-id1='' data-nombre_de_personnes='4' data-nombre_de_chambres='2' data-type='location mobil-home' data-options-hebergements='climatisation'>\n\t<div class=\"ls-hebergement__thumb\">\n\t\t\t\t<img decoding=\"async\" src=\"https:\/\/www.camping-les-chenes.com\/wp-content\/uploads\/2023\/07\/MOBIL-HOME-Sans-Sanitaire-Climatise-2-ch-3-x-6m-Garrigue-1.jpg\" alt=\"STACARAVAN Zonder airconditioning &#8211; 2 slaapkamers &#8211; 3 x 6m \/ Garrigue\" \/>\n\t<\/div>\n\t \n\t<div class=\"ls-hebergement__content\">\n\t\t<div class=\"ls-hebergement__title\">\n\t\t\tSTACARAVAN Zonder airconditioning &#8211; 2 slaapkamers &#8211; 3 x 6m \/ Garrigue\t\t<\/div>\n\n\t\t<div class=\"ls-hebergement__details\">\n\n\t\t\t<div class=\"ls-hebergement__icons\">\n\n\t\t\t\t\t\t\t\t\t<span class=\"ls-hebergement__icon\">\n\t\t\t\t\t\t<i class=\"chenes-famille\"><\/i>\n\t\t\t\t\t\t<span>4<\/span>\n\t\t\t\t\t<\/span>\n\t\t\t\t\n\t\t\t\t\t\t\t\t\t<span class=\"ls-hebergement__icon\">\n\t\t\t\t\t\t<i class=\"chenes-porte\"><\/i>\n\t\t\t\t\t\t<span>2<\/span>\n\t\t\t\t\t<\/span>\n\t\t\t\t\n\t\t\t\t\n\t\t\t\t\t\t\t\t\t<span class=\"ls-hebergement__icon\">\n\t\t\t\t\t\t<i class=\"chenes-surface\"><\/i>\n\t\t\t\t\t\t<span>18m\u00b2<\/span>\n\t\t\t\t\t<\/span>\n\t\t\t\t\n\t\t\t<\/div>\n\n\t\t\t<div class=\"ls-hebergement__options\">\n\t\t\t\t<span class=\"ls-hebergement__option\"><i class=\"chenes-three-climatisation\"><\/i><\/span>\t\t\t<\/div>\n\t\t<\/div>\n\t\t<div class=\"ls-hebergement__disponibilite ls-button aligncenter\">\n\t\t\t<span class=\"text\">Ontdek<\/span><span class=\"chenes-arrow\"><\/span>\n\t\t<\/div>\n\t<\/div>\n<\/div><div class=\"ls-hebergement\" data-postid='1739' data-id-reservation='39477' data-id-site='' data-id1='' data-nombre_de_personnes='4' data-nombre_de_chambres='2' data-type='location mobil-home' data-options-hebergements='climatisation'>\n\t<div class=\"ls-hebergement__thumb\">\n\t\t\t\t<img decoding=\"async\" src=\"https:\/\/www.camping-les-chenes.com\/wp-content\/uploads\/2023\/07\/MOBIL-HOME-Confort-Climatise-2-ch-3-x-7m-Genevrier-Murier-et-Pin-dAlep-1.jpg\" alt=\"STACARAVAN Comfort met airconditioning &#8211; 2 sl.k. &#8211; 3 x 7m \/ Juniper, Mulberry en Aleppo Pine\" \/>\n\t<\/div>\n\t \n\t<div class=\"ls-hebergement__content\">\n\t\t<div class=\"ls-hebergement__title\">\n\t\t\tSTACARAVAN Comfort met airconditioning &#8211; 2 sl.k. &#8211; 3 x 7m \/ Juniper, Mulberry en Aleppo Pine\t\t<\/div>\n\n\t\t<div class=\"ls-hebergement__details\">\n\n\t\t\t<div class=\"ls-hebergement__icons\">\n\n\t\t\t\t\t\t\t\t\t<span class=\"ls-hebergement__icon\">\n\t\t\t\t\t\t<i class=\"chenes-famille\"><\/i>\n\t\t\t\t\t\t<span>4<\/span>\n\t\t\t\t\t<\/span>\n\t\t\t\t\n\t\t\t\t\t\t\t\t\t<span class=\"ls-hebergement__icon\">\n\t\t\t\t\t\t<i class=\"chenes-porte\"><\/i>\n\t\t\t\t\t\t<span>2<\/span>\n\t\t\t\t\t<\/span>\n\t\t\t\t\n\t\t\t\t\t\t\t\t\t<span class=\"ls-hebergement__icon\">\n\t\t\t\t\t\t<i class=\"chenes-douche\"><\/i>\n\t\t\t\t\t\t<span>1<\/span>\n\t\t\t\t\t<\/span>\n\t\t\t\t\n\t\t\t\t\t\t\t\t\t<span class=\"ls-hebergement__icon\">\n\t\t\t\t\t\t<i class=\"chenes-surface\"><\/i>\n\t\t\t\t\t\t<span>21m\u00b2<\/span>\n\t\t\t\t\t<\/span>\n\t\t\t\t\n\t\t\t<\/div>\n\n\t\t\t<div class=\"ls-hebergement__options\">\n\t\t\t\t<span class=\"ls-hebergement__option\"><i class=\"chenes-three-climatisation\"><\/i><\/span>\t\t\t<\/div>\n\t\t<\/div>\n\t\t<div class=\"ls-hebergement__disponibilite ls-button aligncenter\">\n\t\t\t<span class=\"text\">Ontdek<\/span><span class=\"chenes-arrow\"><\/span>\n\t\t<\/div>\n\t<\/div>\n<\/div><div class=\"ls-hebergement\" data-postid='1736' data-id-reservation='10396' data-id-site='' data-id1='' data-nombre_de_personnes='4' data-nombre_de_chambres='2' data-type='location mobil-home' data-options-hebergements='climatisation'>\n\t<div class=\"ls-hebergement__thumb\">\n\t\t\t\t<img decoding=\"async\" src=\"https:\/\/www.camping-les-chenes.com\/wp-content\/uploads\/2023\/07\/MOBIL-HOME-Confort-Climatise-2-ch-3-x-8m-Palmier-et-Olivier-1.jpg\" alt=\"STACARAVAN Comfort met airconditioning &#8211; 2 slaapkamers &#8211; 3 x 8m \/ Palm- en olijfboom\" \/>\n\t<\/div>\n\t \n\t<div class=\"ls-hebergement__content\">\n\t\t<div class=\"ls-hebergement__title\">\n\t\t\tSTACARAVAN Comfort met airconditioning &#8211; 2 slaapkamers &#8211; 3 x 8m \/ Palm- en olijfboom\t\t<\/div>\n\n\t\t<div class=\"ls-hebergement__details\">\n\n\t\t\t<div class=\"ls-hebergement__icons\">\n\n\t\t\t\t\t\t\t\t\t<span class=\"ls-hebergement__icon\">\n\t\t\t\t\t\t<i class=\"chenes-famille\"><\/i>\n\t\t\t\t\t\t<span>4<\/span>\n\t\t\t\t\t<\/span>\n\t\t\t\t\n\t\t\t\t\t\t\t\t\t<span class=\"ls-hebergement__icon\">\n\t\t\t\t\t\t<i class=\"chenes-porte\"><\/i>\n\t\t\t\t\t\t<span>2<\/span>\n\t\t\t\t\t<\/span>\n\t\t\t\t\n\t\t\t\t\t\t\t\t\t<span class=\"ls-hebergement__icon\">\n\t\t\t\t\t\t<i class=\"chenes-douche\"><\/i>\n\t\t\t\t\t\t<span>1<\/span>\n\t\t\t\t\t<\/span>\n\t\t\t\t\n\t\t\t\t\t\t\t\t\t<span class=\"ls-hebergement__icon\">\n\t\t\t\t\t\t<i class=\"chenes-surface\"><\/i>\n\t\t\t\t\t\t<span>24m\u00b2<\/span>\n\t\t\t\t\t<\/span>\n\t\t\t\t\n\t\t\t<\/div>\n\n\t\t\t<div class=\"ls-hebergement__options\">\n\t\t\t\t<span class=\"ls-hebergement__option\"><i class=\"chenes-three-climatisation\"><\/i><\/span>\t\t\t<\/div>\n\t\t<\/div>\n\t\t<div class=\"ls-hebergement__disponibilite ls-button aligncenter\">\n\t\t\t<span class=\"text\">Ontdek<\/span><span class=\"chenes-arrow\"><\/span>\n\t\t<\/div>\n\t<\/div>\n<\/div><div class=\"ls-hebergement\" data-postid='1732' data-id-reservation='28042' data-id-site='' data-id1='' data-nombre_de_personnes='4' data-nombre_de_chambres='2' data-type='location mobil-home' data-options-hebergements='climatisation'>\n\t<div class=\"ls-hebergement__thumb\">\n\t\t\t\t<img decoding=\"async\" src=\"https:\/\/www.camping-les-chenes.com\/wp-content\/uploads\/2023\/07\/MOBIL-HOME-Confort-Climatise-2-ch-3.40-x-7.80m-Chene-Vert-1.jpg\" alt=\"STACARAVAN Comfort met airconditioning &#8211; 2 slaapkamers &#8211; 3,40 x 7,80m \/ Groene Eik\" \/>\n\t<\/div>\n\t \n\t<div class=\"ls-hebergement__content\">\n\t\t<div class=\"ls-hebergement__title\">\n\t\t\tSTACARAVAN Comfort met airconditioning &#8211; 2 slaapkamers &#8211; 3,40 x 7,80m \/ Groene Eik\t\t<\/div>\n\n\t\t<div class=\"ls-hebergement__details\">\n\n\t\t\t<div class=\"ls-hebergement__icons\">\n\n\t\t\t\t\t\t\t\t\t<span class=\"ls-hebergement__icon\">\n\t\t\t\t\t\t<i class=\"chenes-famille\"><\/i>\n\t\t\t\t\t\t<span>4<\/span>\n\t\t\t\t\t<\/span>\n\t\t\t\t\n\t\t\t\t\t\t\t\t\t<span class=\"ls-hebergement__icon\">\n\t\t\t\t\t\t<i class=\"chenes-porte\"><\/i>\n\t\t\t\t\t\t<span>2<\/span>\n\t\t\t\t\t<\/span>\n\t\t\t\t\n\t\t\t\t\t\t\t\t\t<span class=\"ls-hebergement__icon\">\n\t\t\t\t\t\t<i class=\"chenes-douche\"><\/i>\n\t\t\t\t\t\t<span>1<\/span>\n\t\t\t\t\t<\/span>\n\t\t\t\t\n\t\t\t\t\t\t\t\t\t<span class=\"ls-hebergement__icon\">\n\t\t\t\t\t\t<i class=\"chenes-surface\"><\/i>\n\t\t\t\t\t\t<span>26m\u00b2<\/span>\n\t\t\t\t\t<\/span>\n\t\t\t\t\n\t\t\t<\/div>\n\n\t\t\t<div class=\"ls-hebergement__options\">\n\t\t\t\t<span class=\"ls-hebergement__option\"><i class=\"chenes-three-climatisation\"><\/i><\/span>\t\t\t<\/div>\n\t\t<\/div>\n\t\t<div class=\"ls-hebergement__disponibilite ls-button aligncenter\">\n\t\t\t<span class=\"text\">Ontdek<\/span><span class=\"chenes-arrow\"><\/span>\n\t\t<\/div>\n\t<\/div>\n<\/div><div class=\"ls-hebergement\" data-postid='1747' data-id-reservation='10395' data-id-site='' data-id1='' data-nombre_de_personnes='4' data-nombre_de_chambres='2' data-type='roulotte' data-options-hebergements='climatisation'>\n\t<div class=\"ls-hebergement__thumb\">\n\t\t\t\t<img decoding=\"async\" src=\"https:\/\/www.camping-les-chenes.com\/wp-content\/uploads\/2023\/07\/ROULOTTE-Climatisee-2-ch-810-x-3.22m-Cigale-Grillon-Chardonnet-Mesange.webp\" alt=\"CARAVAN Airconditioning &#8211; 2 sl.k. &#8211; 8.10 x 3.22m \/ Cicade, Cricket, Chardonnet, Chickadee\" \/>\n\t<\/div>\n\t \n\t<div class=\"ls-hebergement__content\">\n\t\t<div class=\"ls-hebergement__title\">\n\t\t\tCARAVAN Airconditioning &#8211; 2 sl.k. &#8211; 8.10 x 3.22m \/ Cicade, Cricket, Chardonnet, Chickadee\t\t<\/div>\n\n\t\t<div class=\"ls-hebergement__details\">\n\n\t\t\t<div class=\"ls-hebergement__icons\">\n\n\t\t\t\t\t\t\t\t\t<span class=\"ls-hebergement__icon\">\n\t\t\t\t\t\t<i class=\"chenes-famille\"><\/i>\n\t\t\t\t\t\t<span>4<\/span>\n\t\t\t\t\t<\/span>\n\t\t\t\t\n\t\t\t\t\t\t\t\t\t<span class=\"ls-hebergement__icon\">\n\t\t\t\t\t\t<i class=\"chenes-porte\"><\/i>\n\t\t\t\t\t\t<span>2<\/span>\n\t\t\t\t\t<\/span>\n\t\t\t\t\n\t\t\t\t\t\t\t\t\t<span class=\"ls-hebergement__icon\">\n\t\t\t\t\t\t<i class=\"chenes-douche\"><\/i>\n\t\t\t\t\t\t<span>1<\/span>\n\t\t\t\t\t<\/span>\n\t\t\t\t\n\t\t\t\t\t\t\t\t\t<span class=\"ls-hebergement__icon\">\n\t\t\t\t\t\t<i class=\"chenes-surface\"><\/i>\n\t\t\t\t\t\t<span>26m\u00b2<\/span>\n\t\t\t\t\t<\/span>\n\t\t\t\t\n\t\t\t<\/div>\n\n\t\t\t<div class=\"ls-hebergement__options\">\n\t\t\t\t<span class=\"ls-hebergement__option\"><i class=\"chenes-three-climatisation\"><\/i><\/span>\t\t\t<\/div>\n\t\t<\/div>\n\t\t<div class=\"ls-hebergement__disponibilite ls-button aligncenter\">\n\t\t\t<span class=\"text\">Ontdek<\/span><span class=\"chenes-arrow\"><\/span>\n\t\t<\/div>\n\t<\/div>\n<\/div><div class=\"ls-hebergement\" data-postid='1730' data-id-reservation='28043' data-id-site='' data-id1='' data-nombre_de_personnes='4' data-nombre_de_chambres='2' data-type='location mobil-home'>\n\t<div class=\"ls-hebergement__thumb\">\n\t\t\t\t<img decoding=\"async\" src=\"https:\/\/www.camping-les-chenes.com\/wp-content\/uploads\/2023\/07\/00000717468.webp\" alt=\"STACARAVAN Comfort Plus Airconditioning \u2013 TV \u2013 2 sl.k. \u2013 4 x 8.20m \/ Jasmijn en Mimosa\" \/>\n\t<\/div>\n\t \n\t<div class=\"ls-hebergement__content\">\n\t\t<div class=\"ls-hebergement__title\">\n\t\t\tSTACARAVAN Comfort Plus Airconditioning \u2013 TV \u2013 2 sl.k. \u2013 4 x 8.20m \/ Jasmijn en Mimosa\t\t<\/div>\n\n\t\t<div class=\"ls-hebergement__details\">\n\n\t\t\t<div class=\"ls-hebergement__icons\">\n\n\t\t\t\t\t\t\t\t\t<span class=\"ls-hebergement__icon\">\n\t\t\t\t\t\t<i class=\"chenes-famille\"><\/i>\n\t\t\t\t\t\t<span>4<\/span>\n\t\t\t\t\t<\/span>\n\t\t\t\t\n\t\t\t\t\t\t\t\t\t<span class=\"ls-hebergement__icon\">\n\t\t\t\t\t\t<i class=\"chenes-porte\"><\/i>\n\t\t\t\t\t\t<span>2<\/span>\n\t\t\t\t\t<\/span>\n\t\t\t\t\n\t\t\t\t\t\t\t\t\t<span class=\"ls-hebergement__icon\">\n\t\t\t\t\t\t<i class=\"chenes-douche\"><\/i>\n\t\t\t\t\t\t<span>1<\/span>\n\t\t\t\t\t<\/span>\n\t\t\t\t\n\t\t\t\t\t\t\t\t\t<span class=\"ls-hebergement__icon\">\n\t\t\t\t\t\t<i class=\"chenes-surface\"><\/i>\n\t\t\t\t\t\t<span>32m\u00b2<\/span>\n\t\t\t\t\t<\/span>\n\t\t\t\t\n\t\t\t<\/div>\n\n\t\t\t<div class=\"ls-hebergement__options\">\n\t\t\t\t\t\t\t<\/div>\n\t\t<\/div>\n\t\t<div class=\"ls-hebergement__disponibilite ls-button aligncenter\">\n\t\t\t<span class=\"text\">Ontdek<\/span><span class=\"chenes-arrow\"><\/span>\n\t\t<\/div>\n\t<\/div>\n<\/div><div class=\"ls-hebergement\" data-postid='1727' data-id-reservation='10397' data-id-site='' data-id1='' data-nombre_de_personnes='6' data-nombre_de_chambres='3' data-type='location mobil-home'>\n\t<div class=\"ls-hebergement__thumb\">\n\t\t\t\t<img decoding=\"async\" src=\"https:\/\/www.camping-les-chenes.com\/wp-content\/uploads\/2023\/06\/mobil-home-6-personnes-camping-gard.jpg\" alt=\"STACARAVAN Comfort Plus Airconditioning \u2013 TV \u2013 3 sl.k. \u2013 4.20 x 8.8m \/ Lavendel\" \/>\n\t<\/div>\n\t \n\t<div class=\"ls-hebergement__content\">\n\t\t<div class=\"ls-hebergement__title\">\n\t\t\tSTACARAVAN Comfort Plus Airconditioning \u2013 TV \u2013 3 sl.k. \u2013 4.20 x 8.8m \/ Lavendel\t\t<\/div>\n\n\t\t<div class=\"ls-hebergement__details\">\n\n\t\t\t<div class=\"ls-hebergement__icons\">\n\n\t\t\t\t\t\t\t\t\t<span class=\"ls-hebergement__icon\">\n\t\t\t\t\t\t<i class=\"chenes-famille\"><\/i>\n\t\t\t\t\t\t<span>6<\/span>\n\t\t\t\t\t<\/span>\n\t\t\t\t\n\t\t\t\t\t\t\t\t\t<span class=\"ls-hebergement__icon\">\n\t\t\t\t\t\t<i class=\"chenes-porte\"><\/i>\n\t\t\t\t\t\t<span>3<\/span>\n\t\t\t\t\t<\/span>\n\t\t\t\t\n\t\t\t\t\t\t\t\t\t<span class=\"ls-hebergement__icon\">\n\t\t\t\t\t\t<i class=\"chenes-douche\"><\/i>\n\t\t\t\t\t\t<span>1<\/span>\n\t\t\t\t\t<\/span>\n\t\t\t\t\n\t\t\t\t\t\t\t\t\t<span class=\"ls-hebergement__icon\">\n\t\t\t\t\t\t<i class=\"chenes-surface\"><\/i>\n\t\t\t\t\t\t<span>36m\u00b2<\/span>\n\t\t\t\t\t<\/span>\n\t\t\t\t\n\t\t\t<\/div>\n\n\t\t\t<div class=\"ls-hebergement__options\">\n\t\t\t\t\t\t\t<\/div>\n\t\t<\/div>\n\t\t<div class=\"ls-hebergement__disponibilite ls-button aligncenter\">\n\t\t\t<span class=\"text\">Ontdek<\/span><span class=\"chenes-arrow\"><\/span>\n\t\t<\/div>\n\t<\/div>\n<\/div><\/div><\/div>\n\n\n<p class=\"ls-paragraph has-text-align-center has-small-font-size\">De minimale verblijfsduur is 2 nachten voor huurperiodes van 3 april tot en met 10 juli 2026 en van 22 augustus tot en met 16 oktober 2026.<br\/>De minimale verblijfsduur is 3 nachten van 30 april tot en met 3 mei en van 7 tot en met 10 mei. Van 13 tot en met 17 mei is de minimale verblijfsduur 4 nachten.  <em>Du 11\/07 au 21\/08, la dur\u00e9e minimum est de 1 semaine, sur cette p\u00e9riode, les locations se font du samedi au samedi .<\/em><br\/><em>Een borg van \u20ac300 per huuraccommodatie is vereist bij aankomst en wordt geheel of gedeeltelijk terugbetaald afhankelijk van de staat van de huuraccommodatie. Betaling kan contant, met creditcard of per cheque.<\/em><\/p>\n\n\n    <\/div>\n<\/section><section id=\"ls-section-block_249bdb98c0650bf54b89e40ff3e6bb33\" class=\"ls-section  home-piscine page-one\" >\n        <div class=\"container container--full\">\n        \n\n<div class=\"wp-block-columns is-layout-flex wp-container-core-columns-is-layout-9d6595d7 wp-block-columns-is-layout-flex\">\n<div class=\"wp-block-column is-vertically-aligned-center is-layout-flow wp-block-column-is-layout-flow\" style=\"flex-basis:33.33%\">\n<h2 class=\"ls__heading wp-block-heading animated fadeInLeft delay-100ms slow\">Onze verhuur stacaravans in Junas<\/h2>\n\n\n\n<p class=\"ls-paragraph\">Ben je op zoek naar <a href=\"https:\/\/www.camping-les-chenes.com\/nl\/staanplaatsen-junas\/\">een ruime kampeerplaats<\/a><strong> of een goed uitgeruste stacaravan<\/strong> voor je vakantie in Junas in de Gard? Dan ben je hier aan het juiste adres!<\/p>\n\n\n\n<p class=\"ls-paragraph\">Op camping Les Ch\u00eanes geniet je van huuraccommodaties met airconditioning, een terras en alle faciliteiten die je nodig hebt voor een droomvakantie. Sommige zijn uitgerust met televisie of vaatwasser.<br\/>Je kiest de <strong>stacaravan<\/strong> die het best past bij je behoeften en budget.<\/p>\n<\/div>\n\n\n\n<div class=\"wp-block-column is-layout-flow wp-block-column-is-layout-flow\" style=\"flex-basis:66.66%\">\n<figure class=\"wp-block-gallery has-nested-images columns-default is-cropped page-one wp-block-gallery-1 is-layout-flex wp-block-gallery-is-layout-flex\">\n<figure class=\"wp-block-image size-full figure-1\"><a href=\"https:\/\/www.camping-les-chenes.com\/wp-content\/uploads\/2023\/07\/00000717468.webp\"><img decoding=\"async\" width=\"620\" height=\"466\" data-id=\"689\" src=\"https:\/\/www.camping-les-chenes.com\/wp-content\/uploads\/2023\/07\/00000717468.webp\" alt=\"MOBIL HOME Comfort Plus Airconditioning\" class=\"wp-image-689\" srcset=\"https:\/\/www.camping-les-chenes.com\/wp-content\/uploads\/2023\/07\/00000717468.webp 620w, https:\/\/www.camping-les-chenes.com\/wp-content\/uploads\/2023\/07\/00000717468-300x225.webp 300w\" sizes=\"(max-width: 620px) 100vw, 620px\" \/><\/a><\/figure>\n\n\n\n<figure class=\"wp-block-image size-full figure-2 animated fadeInDown delay-100ms slow\"><a href=\"https:\/\/www.camping-les-chenes.com\/wp-content\/uploads\/2023\/06\/MH-25.jpg\"><img decoding=\"async\" width=\"1702\" height=\"1340\" data-id=\"2994\" src=\"https:\/\/www.camping-les-chenes.com\/wp-content\/uploads\/2023\/06\/MH-25.jpg\" alt=\"MH 25\" class=\"wp-image-2994\" srcset=\"https:\/\/www.camping-les-chenes.com\/wp-content\/uploads\/2023\/06\/MH-25.jpg 1702w, https:\/\/www.camping-les-chenes.com\/wp-content\/uploads\/2023\/06\/MH-25-300x236.jpg 300w, https:\/\/www.camping-les-chenes.com\/wp-content\/uploads\/2023\/06\/MH-25-1024x806.jpg 1024w, https:\/\/www.camping-les-chenes.com\/wp-content\/uploads\/2023\/06\/MH-25-768x605.jpg 768w, https:\/\/www.camping-les-chenes.com\/wp-content\/uploads\/2023\/06\/MH-25-1536x1209.jpg 1536w\" sizes=\"(max-width: 1702px) 100vw, 1702px\" \/><\/a><\/figure>\n\n\n\n<figure class=\"wp-block-image size-large figure-3 animated fadeInRight delay-100ms slow\"><img decoding=\"async\" width=\"1024\" height=\"641\" data-id=\"589\" src=\"https:\/\/www.camping-les-chenes.com\/wp-content\/uploads\/2023\/06\/325498855_574210697884174_731342893068786569_n-1-1024x641.jpg\" alt=\"3-sterren camping Les Chenes\" class=\"wp-image-589\" srcset=\"https:\/\/www.camping-les-chenes.com\/wp-content\/uploads\/2023\/06\/325498855_574210697884174_731342893068786569_n-1-1024x641.jpg 1024w, https:\/\/www.camping-les-chenes.com\/wp-content\/uploads\/2023\/06\/325498855_574210697884174_731342893068786569_n-1-300x188.jpg 300w, https:\/\/www.camping-les-chenes.com\/wp-content\/uploads\/2023\/06\/325498855_574210697884174_731342893068786569_n-1-768x480.jpg 768w, https:\/\/www.camping-les-chenes.com\/wp-content\/uploads\/2023\/06\/325498855_574210697884174_731342893068786569_n-1-1536x961.jpg 1536w, https:\/\/www.camping-les-chenes.com\/wp-content\/uploads\/2023\/06\/325498855_574210697884174_731342893068786569_n-1.jpg 2048w\" sizes=\"(max-width: 1024px) 100vw, 1024px\" \/><\/figure>\n<\/figure>\n<\/div>\n<\/div>\n\n\n    <\/div>\n<\/section><section id=\"ls-section-block_af2f5ff43a0c2e084845327f87966cf2\" class=\"ls-section  home-ecologie page-two\" >\n        <div class=\"container container--full\">\n        \n\n<div class=\"wp-block-columns first is-layout-flex wp-container-core-columns-is-layout-9d6595d7 wp-block-columns-is-layout-flex\">\n<div class=\"wp-block-column is-layout-flow wp-block-column-is-layout-flow\">\n<figure class=\"wp-block-image size-full\"><img decoding=\"async\" width=\"1323\" height=\"540\" src=\"https:\/\/www.camping-les-chenes.com\/wp-content\/uploads\/2023\/07\/photo-mobile-home-4-a-6-personnes-Junas_resultat.webp\" alt=\"foto stacaravan 4 tot 6 personen Junas resultaat\" class=\"wp-image-1080\" srcset=\"https:\/\/www.camping-les-chenes.com\/wp-content\/uploads\/2023\/07\/photo-mobile-home-4-a-6-personnes-Junas_resultat.webp 1323w, https:\/\/www.camping-les-chenes.com\/wp-content\/uploads\/2023\/07\/photo-mobile-home-4-a-6-personnes-Junas_resultat-300x122.webp 300w, https:\/\/www.camping-les-chenes.com\/wp-content\/uploads\/2023\/07\/photo-mobile-home-4-a-6-personnes-Junas_resultat-1024x418.webp 1024w, https:\/\/www.camping-les-chenes.com\/wp-content\/uploads\/2023\/07\/photo-mobile-home-4-a-6-personnes-Junas_resultat-768x313.webp 768w\" sizes=\"(max-width: 1323px) 100vw, 1323px\" \/><\/figure>\n\n\n\n<div class=\"wp-block-columns second is-layout-flex wp-container-core-columns-is-layout-9d6595d7 wp-block-columns-is-layout-flex\">\n<div class=\"wp-block-column left is-layout-flow wp-block-column-is-layout-flow\" style=\"flex-basis:66.66%\">\n<h2 class=\"ls__heading wp-block-heading\">Onze accommodatie voor 1 tot 6 personen<\/h2>\n\n\n\n<p class=\"ls-paragraph\">Op zoek naar een stacaravan in de Gard? Ontdek ons <strong>aanbod van ideale<\/strong>, comfortabele huuraccommodaties om te delen met familie, vrienden of gewoon met z\u2019n tweetjes.<\/p>\n\n\n\n<p class=\"ls-paragraph\">Of u nu alleen reist, met z&#8217;n twee\u00ebn, met een groep van vier of met een groep van zes, u vindt bij ons een accommodatie die aan uw wensen voldoet. Airconditioning, slaapkamers met kledingkasten, een volledig uitgeruste keuken, een badkamer en een apart toilet: alles wat u nodig heeft voor een fantastische natuurvakantie in Junas, Gard! Als u liever iets anders wilt, maar wel van alle gemakken voorzien, kies dan voor een van onze volledig uitgeruste caravans: airconditioning, een kitchenette, een koelkast en een apart toilet en badkamer. <\/p>\n\n\n\n<p class=\"ls-paragraph\">Boek nu je <strong>favoriete stacaravan<\/strong>! Aankomst tussen 16.00 en 20.00 uur en vertrek tussen 8.00 en 10.00 uur.<\/p>\n<\/div>\n\n\n\n<div class=\"wp-block-column is-vertically-aligned-center right is-layout-flow wp-block-column-is-layout-flow\" style=\"flex-basis:33.33%\"><\/div>\n<\/div>\n<\/div>\n<\/div>\n\n\n    <\/div>\n<\/section><section id=\"ls-section-block_ada3583fb52ef1973d76c39058eaf0b5\" class=\"ls-section  home-piscine page-three\" >\n        <div class=\"container container--full\">\n        \n\n<div class=\"wp-block-columns is-layout-flex wp-container-core-columns-is-layout-9d6595d7 wp-block-columns-is-layout-flex\">\n<div class=\"wp-block-column is-layout-flow wp-block-column-is-layout-flow\" style=\"flex-basis:66.66%\">\n<figure class=\"wp-block-gallery has-nested-images columns-default is-cropped page-one wp-block-gallery-2 is-layout-flex wp-block-gallery-is-layout-flex\">\n<figure class=\"wp-block-image size-full figure-1\"><a href=\"https:\/\/www.camping-les-chenes.com\/wp-content\/uploads\/2023\/07\/ROULOTTE-Climatisee-2-ch-810-x-3.22m-Cigale-Grillon-Chardonnet-Mesange.webp\"><img decoding=\"async\" width=\"480\" height=\"360\" data-id=\"692\" src=\"https:\/\/www.camping-les-chenes.com\/wp-content\/uploads\/2023\/07\/ROULOTTE-Climatisee-2-ch-810-x-3.22m-Cigale-Grillon-Chardonnet-Mesange.webp\" alt=\"ROULOTTE Airconditioning 2 sl.k. 8.10 x 3.22m Cicade, Krekel, Chardonnet, Mees\" class=\"wp-image-692\" srcset=\"https:\/\/www.camping-les-chenes.com\/wp-content\/uploads\/2023\/07\/ROULOTTE-Climatisee-2-ch-810-x-3.22m-Cigale-Grillon-Chardonnet-Mesange.webp 480w, https:\/\/www.camping-les-chenes.com\/wp-content\/uploads\/2023\/07\/ROULOTTE-Climatisee-2-ch-810-x-3.22m-Cigale-Grillon-Chardonnet-Mesange-300x225.webp 300w\" sizes=\"(max-width: 480px) 100vw, 480px\" \/><\/a><\/figure>\n\n\n\n<figure class=\"wp-block-image size-full figure-2 animated fadeInDown delay-100ms slow\"><a href=\"https:\/\/www.camping-les-chenes.com\/wp-content\/uploads\/2024\/02\/interieur-roulotte-2.webp\"><img decoding=\"async\" width=\"1000\" height=\"667\" data-id=\"2803\" src=\"https:\/\/www.camping-les-chenes.com\/wp-content\/uploads\/2024\/02\/interieur-roulotte-2.webp\" alt=\"interieur caravan 2\" class=\"wp-image-2803\" srcset=\"https:\/\/www.camping-les-chenes.com\/wp-content\/uploads\/2024\/02\/interieur-roulotte-2.webp 1000w, https:\/\/www.camping-les-chenes.com\/wp-content\/uploads\/2024\/02\/interieur-roulotte-2-300x200.webp 300w, https:\/\/www.camping-les-chenes.com\/wp-content\/uploads\/2024\/02\/interieur-roulotte-2-768x512.webp 768w\" sizes=\"(max-width: 1000px) 100vw, 1000px\" \/><\/a><\/figure>\n\n\n\n<figure class=\"wp-block-image size-full figure-3 animated fadeInLeft delay-100ms slow\"><a href=\"https:\/\/www.camping-les-chenes.com\/wp-content\/uploads\/2023\/12\/plan-ROULOTTE.jpg\"><img decoding=\"async\" width=\"800\" height=\"279\" data-id=\"1231\" src=\"https:\/\/www.camping-les-chenes.com\/wp-content\/uploads\/2023\/12\/plan-ROULOTTE.jpg\" alt=\"Plan ROULOTTE\" class=\"wp-image-1231\" srcset=\"https:\/\/www.camping-les-chenes.com\/wp-content\/uploads\/2023\/12\/plan-ROULOTTE.jpg 800w, https:\/\/www.camping-les-chenes.com\/wp-content\/uploads\/2023\/12\/plan-ROULOTTE-300x105.jpg 300w, https:\/\/www.camping-les-chenes.com\/wp-content\/uploads\/2023\/12\/plan-ROULOTTE-768x268.jpg 768w\" sizes=\"(max-width: 800px) 100vw, 800px\" \/><\/a><\/figure>\n<\/figure>\n<\/div>\n\n\n\n<div class=\"wp-block-column is-vertically-aligned-center is-layout-flow wp-block-column-is-layout-flow\" style=\"flex-basis:33.33%\">\n<h2 class=\"ls__heading wp-block-heading animated fadeInRight delay-100ms slow\">Atypische caravanvakanties in de Gard<\/h2>\n\n\n\n<p class=\"ls-paragraph\">Wil je een chique, <strong>gezellige en buitengewone<\/strong> ervaring? <strong>Glamping <\/strong>is iets voor jou!<\/p>\n\n\n\n<p class=\"ls-paragraph\">Kies voor een <strong>ongewone huuraccommodatie<\/strong> zoals een <strong>woonwagen<\/strong>. <a href=\"https:\/\/www.camping-les-chenes.com\/nl\/\">Op camping Les Ch\u00eanes in Junas in de Gard<\/a> vind je verrassende <strong>huuraccommodaties<\/strong>. La garantie d\u2019une ambiance d\u00e9paysante et singuli\u00e8re, \u00e0 appr\u00e9cier en famille, entre amis ou en amoureux !<br\/>Alliez confort et nature en choisissant la <strong>location d\u2019une des roulottes climatis\u00e9es<\/strong> et toute \u00e9quip\u00e9e (coin cuisine, frigo, toilettes et salle de bain s\u00e9par\u00e9e\u2026) avec espace repas ext\u00e9rieur couvert : Cigale, Grillon, Chardonnet ou M\u00e9sange.<\/p>\n<\/div>\n<\/div>\n\n\n    <\/div>\n<\/section><section id=\"ls-section-block_af2f5ff43a0c2e084845327f87966cf2\" class=\"ls-section  home-ecologie page-two\" >\n        <div class=\"container container--full\">\n        \n\n<div class=\"wp-block-columns first is-layout-flex wp-container-core-columns-is-layout-9d6595d7 wp-block-columns-is-layout-flex\">\n<div class=\"wp-block-column is-layout-flow wp-block-column-is-layout-flow\">\n<figure class=\"wp-block-image size-full\"><img decoding=\"async\" width=\"1280\" height=\"543\" src=\"https:\/\/www.camping-les-chenes.com\/wp-content\/uploads\/2023\/07\/Gorge-du-Gardon_r.webp\" alt=\"Gorges du Gardon r\" class=\"wp-image-1083\" srcset=\"https:\/\/www.camping-les-chenes.com\/wp-content\/uploads\/2023\/07\/Gorge-du-Gardon_r.webp 1280w, https:\/\/www.camping-les-chenes.com\/wp-content\/uploads\/2023\/07\/Gorge-du-Gardon_r-300x127.webp 300w, https:\/\/www.camping-les-chenes.com\/wp-content\/uploads\/2023\/07\/Gorge-du-Gardon_r-1024x434.webp 1024w, https:\/\/www.camping-les-chenes.com\/wp-content\/uploads\/2023\/07\/Gorge-du-Gardon_r-768x326.webp 768w\" sizes=\"(max-width: 1280px) 100vw, 1280px\" \/><\/figure>\n\n\n\n<div class=\"wp-block-columns second is-layout-flex wp-container-core-columns-is-layout-9d6595d7 wp-block-columns-is-layout-flex\">\n<div class=\"wp-block-column left is-layout-flow wp-block-column-is-layout-flow\" style=\"flex-basis:66.66%\">\n<h2 class=\"ls__heading wp-block-heading\">Word een inwoner van Junas<\/h2>\n\n\n\n<p class=\"ls-paragraph\">Leef je graag in de frisse lucht? Wil je je kampeeravontuur verlengen? Hou je van de Gard-afdeling en de omgeving? Waarom <strong>wordt u geen bewoner van de camping<\/strong>?<\/p>\n\n\n\n<p class=\"ls-paragraph\">Je kunt van april tot oktober in Les Ch\u00eanes <strong>verblijven<\/strong>. Als dit klinkt als iets wat je graag zou willen doen, aarzel dan niet om contact op te nemen met de camping voor meer informatie. <strong>Het grootste deel van het jaar op een camping <\/strong>wonen betekent leven dicht bij de natuur, in de frisse lucht, in een ontspannen en bevoorrechte omgeving.<\/p>\n<\/div>\n\n\n\n<div class=\"wp-block-column is-vertically-aligned-center right is-layout-flow wp-block-column-is-layout-flow\" style=\"flex-basis:33.33%\"><\/div>\n<\/div>\n<\/div>\n<\/div>\n\n\n    <\/div>\n<\/section><section id=\"ls-section-block_f4aaf8d171d51442ae42aa26040a5cae\" class=\"ls-section  page-maillage\" >\n        <div class=\"container container--wide\">\n        \n\n<div id=\"ls-heading ls-titre-div-block_b4b5ab8a2a3eae86c1bec27dcad423b4\" class=\"ls-titre-div h2-like\" >\n    Ontdek de activiteiten rondom de camping, de staanplaatsen en onze prijzen!<\/div>\n\n\n<div id=\"ls-maillage-block_b2d93bdb62f113a2f33c53e6a643056a\" class=\"ls-maillage cta-style-normal\" data-rows=\"3\">\n    <div class=\"wp-block-columns\"><div class=\"wp-block-column\">\n\n<a href=\"https:\/\/www.camping-les-chenes.com\/nl\/goedkoop-kamperen-in-junas\/\" target=\"\" rel=\"noopener\" class=\"ls-cta__link\">\n\n\t<div class=\"ls-cta__image\"><img decoding=\"async\" src=\"https:\/\/www.camping-les-chenes.com\/wp-content\/uploads\/2023\/07\/Promotion-Camping-Junas_-768x512.jpeg\" alt=\"Promotie Camping Junas\"><\/div>\n\t<div class=\"ls-cta__title\">\n\t\tTarieven\t<\/div>\n\n\t\t\n<\/a><\/div><div class=\"wp-block-column\">\n\n<a href=\"https:\/\/www.camping-les-chenes.com\/nl\/kinderopvangactiviteiten\/\" target=\"\" rel=\"noopener\" class=\"ls-cta__link\">\n\n\t<div class=\"ls-cta__image\"><img decoding=\"async\" src=\"https:\/\/www.camping-les-chenes.com\/wp-content\/uploads\/2023\/07\/Sequarium_Gard-768x511.jpg\" alt=\"Kamperen bij het Gard Sequarium\"><\/div>\n\t<div class=\"ls-cta__title\">\n\t\tActiviteiten rondom de camping\t<\/div>\n\n\t\t\n<\/a><\/div><div class=\"wp-block-column\">\n\n<a href=\"https:\/\/www.camping-les-chenes.com\/nl\/staanplaatsen-junas\/\" target=\"\" rel=\"noopener\" class=\"ls-cta__link\">\n\n\t<div class=\"ls-cta__image\"><img decoding=\"async\" src=\"https:\/\/www.camping-les-chenes.com\/wp-content\/uploads\/2023\/07\/Emplacement-de-camping-junas-Gard_-768x577.jpg\" alt=\"Kampeerplaats Gard\"><\/div>\n\t<div class=\"ls-cta__title\">\n\t\tStaanplaatsen\t<\/div>\n\n\t\t\n<\/a><\/div><\/div><\/div>\n\n    <\/div>\n<\/section>","protected":false},"excerpt":{"rendered":"","protected":false},"author":1,"featured_media":1800,"parent":0,"menu_order":0,"comment_status":"closed","ping_status":"closed","template":"template-hebergements.php","meta":{"_acf_changed":false,"footnotes":""},"sujet":[],"class_list":["post-1793","page","type-page","status-publish","has-post-thumbnail","hentry"],"acf":[],"yoast_head":"<!-- This site is optimized with the Yoast SEO plugin v26.2 - https:\/\/yoast.com\/wordpress\/plugins\/seo\/ -->\n<title>Stacaravan huren in Junas | Huur een stacaravan in de Gard<\/title>\n<meta name=\"description\" content=\"Camping Les Ch\u00eanes verhuurt stacaravans in Occitanie in de buurt van Sommi\u00e8res tussen de departementen Gard en H\u00e9rault voor uw vakantie.\" \/>\n<meta name=\"robots\" content=\"index, follow, max-snippet:-1, max-image-preview:large, max-video-preview:-1\" \/>\n<link rel=\"canonical\" href=\"https:\/\/www.camping-les-chenes.com\/nl\/stacaravan-huren-in-junas\/\" \/>\n<meta property=\"og:locale\" content=\"nl_NL\" \/>\n<meta property=\"og:type\" content=\"article\" \/>\n<meta property=\"og:title\" content=\"Stacaravan huren in Junas | Huur een stacaravan in de Gard\" \/>\n<meta property=\"og:description\" content=\"Camping Les Ch\u00eanes verhuurt stacaravans in Occitanie in de buurt van Sommi\u00e8res tussen de departementen Gard en H\u00e9rault voor uw vakantie.\" \/>\n<meta property=\"og:url\" content=\"https:\/\/www.camping-les-chenes.com\/nl\/stacaravan-huren-in-junas\/\" \/>\n<meta property=\"og:site_name\" content=\"Camping les Ch\u00eanes\" \/>\n<meta property=\"article:modified_time\" content=\"2025-12-18T22:08:23+00:00\" \/>\n<meta property=\"og:image\" content=\"https:\/\/www.camping-les-chenes.com\/wp-content\/uploads\/2023\/07\/gorge-du-gardon_.jpg\" \/>\n\t<meta property=\"og:image:width\" content=\"1199\" \/>\n\t<meta property=\"og:image:height\" content=\"847\" \/>\n\t<meta property=\"og:image:type\" content=\"image\/jpeg\" \/>\n<meta name=\"twitter:card\" content=\"summary_large_image\" \/>\n<meta name=\"twitter:label1\" content=\"Geschatte leestijd\" \/>\n\t<meta name=\"twitter:data1\" content=\"3 minuten\" \/>\n<script type=\"application\/ld+json\" class=\"yoast-schema-graph\">{\"@context\":\"https:\/\/schema.org\",\"@graph\":[{\"@type\":\"WebPage\",\"@id\":\"https:\/\/www.camping-les-chenes.com\/nl\/stacaravan-huren-in-junas\/\",\"url\":\"https:\/\/www.camping-les-chenes.com\/nl\/stacaravan-huren-in-junas\/\",\"name\":\"Stacaravan huren in Junas | Huur een stacaravan in de Gard\",\"isPartOf\":{\"@id\":\"https:\/\/www.camping-les-chenes.com\/#website\"},\"primaryImageOfPage\":{\"@id\":\"https:\/\/www.camping-les-chenes.com\/nl\/stacaravan-huren-in-junas\/#primaryimage\"},\"image\":{\"@id\":\"https:\/\/www.camping-les-chenes.com\/nl\/stacaravan-huren-in-junas\/#primaryimage\"},\"thumbnailUrl\":\"https:\/\/www.camping-les-chenes.com\/wp-content\/uploads\/2023\/07\/gorge-du-gardon_.jpg\",\"datePublished\":\"2023-06-07T08:06:36+00:00\",\"dateModified\":\"2025-12-18T22:08:23+00:00\",\"description\":\"Camping Les Ch\u00eanes verhuurt stacaravans in Occitanie in de buurt van Sommi\u00e8res tussen de departementen Gard en H\u00e9rault voor uw vakantie.\",\"breadcrumb\":{\"@id\":\"https:\/\/www.camping-les-chenes.com\/nl\/stacaravan-huren-in-junas\/#breadcrumb\"},\"inLanguage\":\"nl-NL\",\"potentialAction\":[{\"@type\":\"ReadAction\",\"target\":[\"https:\/\/www.camping-les-chenes.com\/nl\/stacaravan-huren-in-junas\/\"]}]},{\"@type\":\"ImageObject\",\"inLanguage\":\"nl-NL\",\"@id\":\"https:\/\/www.camping-les-chenes.com\/nl\/stacaravan-huren-in-junas\/#primaryimage\",\"url\":\"https:\/\/www.camping-les-chenes.com\/wp-content\/uploads\/2023\/07\/gorge-du-gardon_.jpg\",\"contentUrl\":\"https:\/\/www.camping-les-chenes.com\/wp-content\/uploads\/2023\/07\/gorge-du-gardon_.jpg\",\"width\":1199,\"height\":847,\"caption\":\"Kloof van Gardon\"},{\"@type\":\"BreadcrumbList\",\"@id\":\"https:\/\/www.camping-les-chenes.com\/nl\/stacaravan-huren-in-junas\/#breadcrumb\",\"itemListElement\":[{\"@type\":\"ListItem\",\"position\":1,\"name\":\"Camping Gard\",\"item\":\"https:\/\/www.camping-les-chenes.com\/nl\/\"},{\"@type\":\"ListItem\",\"position\":2,\"name\":\"Stacaravan huren in Junas\"}]},{\"@type\":\"WebSite\",\"@id\":\"https:\/\/www.camping-les-chenes.com\/#website\",\"url\":\"https:\/\/www.camping-les-chenes.com\/\",\"name\":\"Camping les Ch\u00eanes\",\"description\":\"\",\"publisher\":{\"@id\":\"https:\/\/www.camping-les-chenes.com\/#organization\"},\"potentialAction\":[{\"@type\":\"SearchAction\",\"target\":{\"@type\":\"EntryPoint\",\"urlTemplate\":\"https:\/\/www.camping-les-chenes.com\/?s={search_term_string}\"},\"query-input\":{\"@type\":\"PropertyValueSpecification\",\"valueRequired\":true,\"valueName\":\"search_term_string\"}}],\"inLanguage\":\"nl-NL\"},{\"@type\":\"Organization\",\"@id\":\"https:\/\/www.camping-les-chenes.com\/#organization\",\"name\":\"Camping les Ch\u00eanes\",\"url\":\"https:\/\/www.camping-les-chenes.com\/\",\"logo\":{\"@type\":\"ImageObject\",\"inLanguage\":\"nl-NL\",\"@id\":\"https:\/\/www.camping-les-chenes.com\/#\/schema\/logo\/image\/\",\"url\":\"https:\/\/www.camping-les-chenes.com\/wp-content\/uploads\/2023\/06\/cropped-camping-les-chenes-junas-1.png\",\"contentUrl\":\"https:\/\/www.camping-les-chenes.com\/wp-content\/uploads\/2023\/06\/cropped-camping-les-chenes-junas-1.png\",\"width\":650,\"height\":413,\"caption\":\"Camping les Ch\u00eanes\"},\"image\":{\"@id\":\"https:\/\/www.camping-les-chenes.com\/#\/schema\/logo\/image\/\"}}]}<\/script>\n<!-- \/ Yoast SEO plugin. -->","yoast_head_json":{"title":"Stacaravan huren in Junas | Huur een stacaravan in de Gard","description":"Camping Les Ch\u00eanes verhuurt stacaravans in Occitanie in de buurt van Sommi\u00e8res tussen de departementen Gard en H\u00e9rault voor uw vakantie.","robots":{"index":"index","follow":"follow","max-snippet":"max-snippet:-1","max-image-preview":"max-image-preview:large","max-video-preview":"max-video-preview:-1"},"canonical":"https:\/\/www.camping-les-chenes.com\/nl\/stacaravan-huren-in-junas\/","og_locale":"nl_NL","og_type":"article","og_title":"Stacaravan huren in Junas | Huur een stacaravan in de Gard","og_description":"Camping Les Ch\u00eanes verhuurt stacaravans in Occitanie in de buurt van Sommi\u00e8res tussen de departementen Gard en H\u00e9rault voor uw vakantie.","og_url":"https:\/\/www.camping-les-chenes.com\/nl\/stacaravan-huren-in-junas\/","og_site_name":"Camping les Ch\u00eanes","article_modified_time":"2025-12-18T22:08:23+00:00","og_image":[{"width":1199,"height":847,"url":"https:\/\/www.camping-les-chenes.com\/wp-content\/uploads\/2023\/07\/gorge-du-gardon_.jpg","type":"image\/jpeg"}],"twitter_card":"summary_large_image","twitter_misc":{"Geschatte leestijd":"3 minuten"},"schema":{"@context":"https:\/\/schema.org","@graph":[{"@type":"WebPage","@id":"https:\/\/www.camping-les-chenes.com\/nl\/stacaravan-huren-in-junas\/","url":"https:\/\/www.camping-les-chenes.com\/nl\/stacaravan-huren-in-junas\/","name":"Stacaravan huren in Junas | Huur een stacaravan in de Gard","isPartOf":{"@id":"https:\/\/www.camping-les-chenes.com\/#website"},"primaryImageOfPage":{"@id":"https:\/\/www.camping-les-chenes.com\/nl\/stacaravan-huren-in-junas\/#primaryimage"},"image":{"@id":"https:\/\/www.camping-les-chenes.com\/nl\/stacaravan-huren-in-junas\/#primaryimage"},"thumbnailUrl":"https:\/\/www.camping-les-chenes.com\/wp-content\/uploads\/2023\/07\/gorge-du-gardon_.jpg","datePublished":"2023-06-07T08:06:36+00:00","dateModified":"2025-12-18T22:08:23+00:00","description":"Camping Les Ch\u00eanes verhuurt stacaravans in Occitanie in de buurt van Sommi\u00e8res tussen de departementen Gard en H\u00e9rault voor uw vakantie.","breadcrumb":{"@id":"https:\/\/www.camping-les-chenes.com\/nl\/stacaravan-huren-in-junas\/#breadcrumb"},"inLanguage":"nl-NL","potentialAction":[{"@type":"ReadAction","target":["https:\/\/www.camping-les-chenes.com\/nl\/stacaravan-huren-in-junas\/"]}]},{"@type":"ImageObject","inLanguage":"nl-NL","@id":"https:\/\/www.camping-les-chenes.com\/nl\/stacaravan-huren-in-junas\/#primaryimage","url":"https:\/\/www.camping-les-chenes.com\/wp-content\/uploads\/2023\/07\/gorge-du-gardon_.jpg","contentUrl":"https:\/\/www.camping-les-chenes.com\/wp-content\/uploads\/2023\/07\/gorge-du-gardon_.jpg","width":1199,"height":847,"caption":"Kloof van Gardon"},{"@type":"BreadcrumbList","@id":"https:\/\/www.camping-les-chenes.com\/nl\/stacaravan-huren-in-junas\/#breadcrumb","itemListElement":[{"@type":"ListItem","position":1,"name":"Camping Gard","item":"https:\/\/www.camping-les-chenes.com\/nl\/"},{"@type":"ListItem","position":2,"name":"Stacaravan huren in Junas"}]},{"@type":"WebSite","@id":"https:\/\/www.camping-les-chenes.com\/#website","url":"https:\/\/www.camping-les-chenes.com\/","name":"Camping les Ch\u00eanes","description":"","publisher":{"@id":"https:\/\/www.camping-les-chenes.com\/#organization"},"potentialAction":[{"@type":"SearchAction","target":{"@type":"EntryPoint","urlTemplate":"https:\/\/www.camping-les-chenes.com\/?s={search_term_string}"},"query-input":{"@type":"PropertyValueSpecification","valueRequired":true,"valueName":"search_term_string"}}],"inLanguage":"nl-NL"},{"@type":"Organization","@id":"https:\/\/www.camping-les-chenes.com\/#organization","name":"Camping les Ch\u00eanes","url":"https:\/\/www.camping-les-chenes.com\/","logo":{"@type":"ImageObject","inLanguage":"nl-NL","@id":"https:\/\/www.camping-les-chenes.com\/#\/schema\/logo\/image\/","url":"https:\/\/www.camping-les-chenes.com\/wp-content\/uploads\/2023\/06\/cropped-camping-les-chenes-junas-1.png","contentUrl":"https:\/\/www.camping-les-chenes.com\/wp-content\/uploads\/2023\/06\/cropped-camping-les-chenes-junas-1.png","width":650,"height":413,"caption":"Camping les Ch\u00eanes"},"image":{"@id":"https:\/\/www.camping-les-chenes.com\/#\/schema\/logo\/image\/"}}]}},"_links":{"self":[{"href":"https:\/\/www.camping-les-chenes.com\/nl\/wp-json\/wp\/v2\/pages\/1793","targetHints":{"allow":["GET"]}}],"collection":[{"href":"https:\/\/www.camping-les-chenes.com\/nl\/wp-json\/wp\/v2\/pages"}],"about":[{"href":"https:\/\/www.camping-les-chenes.com\/nl\/wp-json\/wp\/v2\/types\/page"}],"author":[{"embeddable":true,"href":"https:\/\/www.camping-les-chenes.com\/nl\/wp-json\/wp\/v2\/users\/1"}],"replies":[{"embeddable":true,"href":"https:\/\/www.camping-les-chenes.com\/nl\/wp-json\/wp\/v2\/comments?post=1793"}],"version-history":[{"count":21,"href":"https:\/\/www.camping-les-chenes.com\/nl\/wp-json\/wp\/v2\/pages\/1793\/revisions"}],"predecessor-version":[{"id":3259,"href":"https:\/\/www.camping-les-chenes.com\/nl\/wp-json\/wp\/v2\/pages\/1793\/revisions\/3259"}],"wp:featuredmedia":[{"embeddable":true,"href":"https:\/\/www.camping-les-chenes.com\/nl\/wp-json\/wp\/v2\/media\/1800"}],"wp:attachment":[{"href":"https:\/\/www.camping-les-chenes.com\/nl\/wp-json\/wp\/v2\/media?parent=1793"}],"wp:term":[{"taxonomy":"sujet","embeddable":true,"href":"https:\/\/www.camping-les-chenes.com\/nl\/wp-json\/wp\/v2\/sujet?post=1793"}],"curies":[{"name":"wp","href":"https:\/\/api.w.org\/{rel}","templated":true}]}}