{"id":1804,"date":"2023-06-07T10:06:36","date_gmt":"2023-06-07T08:06:36","guid":{"rendered":"https:\/\/www.camping-les-chenes.com\/rental-mobile-home-junas\/"},"modified":"2025-12-18T23:44:49","modified_gmt":"2025-12-18T22:44:49","slug":"rental-mobile-home-junas","status":"publish","type":"page","link":"https:\/\/www.camping-les-chenes.com\/en\/rental-mobile-home-junas\/","title":{"rendered":"Rentals"},"content":{"rendered":"<section id=\"ls-section-block_319fd6a3b24f97d412f7960c0a1ed716\" class=\"ls-section  page-intro has-m-b m-b-0 has-p-b p-b-0\" >\n        <div class=\"container \">\n        \n\n<h1 class=\"ls__heading wp-block-heading has-text-align-center\">Rent an air-conditioned mobile home in Gard<\/h1>\n\n\n    <\/div>\n<\/section><section id=\"ls-section-block_ca155db373791faadb063a6cbe76cdd1\" class=\"ls-section  page-hebergements has-m-t m-t-0\" >\n        <div class=\"container container--wide\">\n        \n\n<div id=\"ls-hebergements-block_e682ce3c428712f9cf0a8b75f624b95c\" class=\"ls-hebergements\">\n\n    <div class=\"ls-customizer\">\n\n    <div class=\"ls-customizer__filters\">\n        <div class=\"ls-customizer__filters__close\">\n            <i class=\"fas fa-times\"><\/i>\n        <\/div>\n\n        <div class=\"ls-customizer__filters__title\">\n            <b>Filtres<\/b>\n            <span class=\"ls-customizer__filters__clear\"><i class=\"fas fa-times\"><\/i> Delete filters<\/span>\n        <\/div>\n\n                \n        <!-- Filtres ACF fields -->\n        \n                                <!-- Filtre nombre_de_personnes -->\n                        <div class=\"filter\" id=\"filter-nombre_de_personnes\">\n                <div class=\"filter__title\">Maximum capacity<i class=\"fas fa-angle-down\"><\/i> <\/div>\n                <fieldset data-filter=\"nombre_de_personnes\" data-operator=\"<=\" class=\"input\">\n\n                    <div><input type=\"radio\" name=\"nombre_de_personnes\" id=\"nombre_de_personnes-all\"  class=\"checkbox\" \/><label for='nombre_de_personnes-all'>Tous<\/label><\/div><div><input type=\"radio\" name=\"nombre_de_personnes\" id=\"nombre_de_personnes-2\" value=\"2\" class=\"checkbox\"  \/><label for='nombre_de_personnes-2'>Up to 2 pers.<\/label><\/div><div><input type=\"radio\" name=\"nombre_de_personnes\" id=\"nombre_de_personnes-4\" value=\"4\" class=\"checkbox\"  \/><label for='nombre_de_personnes-4'>Up to 4 pers.<\/label><\/div><div><input type=\"radio\" name=\"nombre_de_personnes\" id=\"nombre_de_personnes-6\" value=\"6\" class=\"checkbox\"  \/><label for='nombre_de_personnes-6'>Up to 6 pers.<\/label><\/div>                <\/fieldset>\n\n\n\n\n            <\/div>\n                                <!-- Filtre nombre_de_chambres -->\n                        <div class=\"filter\" id=\"filter-nombre_de_chambres\">\n                <div class=\"filter__title\">Number of rooms<i class=\"fas fa-angle-down\"><\/i> <\/div>\n                <fieldset data-filter=\"nombre_de_chambres\" data-operator=\"==\" class=\"input\">\n\n                    <div><input type=\"radio\" name=\"nombre_de_chambres\" id=\"nombre_de_chambres-all\"  class=\"checkbox\" \/><label for='nombre_de_chambres-all'>Tous<\/label><\/div><div><input type=\"radio\" name=\"nombre_de_chambres\" id=\"nombre_de_chambres-1\" value=\"1\" class=\"checkbox\"  \/><label for='nombre_de_chambres-1'>1<\/label><\/div><div><input type=\"radio\" name=\"nombre_de_chambres\" id=\"nombre_de_chambres-2\" value=\"2\" class=\"checkbox\"  \/><label for='nombre_de_chambres-2'>2<\/label><\/div><div><input type=\"radio\" name=\"nombre_de_chambres\" id=\"nombre_de_chambres-3\" value=\"3\" class=\"checkbox\"  \/><label for='nombre_de_chambres-3'>3<\/label><\/div>                <\/fieldset>\n\n\n\n\n            <\/div>\n                    \n        \n    <\/div>\n\n    <div class=\"ls-customizer__orders\">\n        <i class=\"fas fa-sort\"><\/i>\n        <select class=\"select-order\">\n            <option selected value>Sort by<\/option>\n            <option value=\"price-asc\">Rising price<\/option>\n            <option value=\"price-desc\">Price descending<\/option>\n        <\/select>\n    <\/div>\n\n<\/div><div class=\"ls-hebergements__results\" data-row=\"3\" data-campings=\"false\" data-types=\"[15]\"><div class=\"ls-hebergement\" data-postid='2992' data-id-reservation='138966' data-id-site='' data-id1='' data-nombre_de_personnes='2' data-nombre_de_chambres='1' data-type='location mobil-home'>\n\t<div class=\"ls-hebergement__thumb\">\n\t\t\t\t<img decoding=\"async\" src=\"https:\/\/www.camping-les-chenes.com\/wp-content\/uploads\/2024\/12\/NEST_20_PLAN_AVEC_TERRASSE.png\" alt=\"MOBIL HOME Premium &#8211; air-conditioned &#8211; TV &#8211; Dishwasher &#8211; 1 ch &#8211; 20m\u00b2\/ Santoline\" \/>\n\t<\/div>\n\t \n\t<div class=\"ls-hebergement__content\">\n\t\t<div class=\"ls-hebergement__title\">\n\t\t\tMOBIL HOME Premium &#8211; air-conditioned &#8211; TV &#8211; Dishwasher &#8211; 1 ch &#8211; 20m\u00b2\/ Santoline\t\t<\/div>\n\n\t\t<div class=\"ls-hebergement__details\">\n\n\t\t\t<div class=\"ls-hebergement__icons\">\n\n\t\t\t\t\t\t\t\t\t<span class=\"ls-hebergement__icon\">\n\t\t\t\t\t\t<i class=\"chenes-famille\"><\/i>\n\t\t\t\t\t\t<span>2<\/span>\n\t\t\t\t\t<\/span>\n\t\t\t\t\n\t\t\t\t\t\t\t\t\t<span class=\"ls-hebergement__icon\">\n\t\t\t\t\t\t<i class=\"chenes-porte\"><\/i>\n\t\t\t\t\t\t<span>1<\/span>\n\t\t\t\t\t<\/span>\n\t\t\t\t\n\t\t\t\t\t\t\t\t\t<span class=\"ls-hebergement__icon\">\n\t\t\t\t\t\t<i class=\"chenes-douche\"><\/i>\n\t\t\t\t\t\t<span>1<\/span>\n\t\t\t\t\t<\/span>\n\t\t\t\t\n\t\t\t\t\t\t\t\t\t<span class=\"ls-hebergement__icon\">\n\t\t\t\t\t\t<i class=\"chenes-surface\"><\/i>\n\t\t\t\t\t\t<span>20m\u00b2<\/span>\n\t\t\t\t\t<\/span>\n\t\t\t\t\n\t\t\t<\/div>\n\n\t\t\t<div class=\"ls-hebergement__options\">\n\t\t\t\t\t\t\t<\/div>\n\t\t<\/div>\n\t\t<div class=\"ls-hebergement__disponibilite ls-button aligncenter\">\n\t\t\t<span class=\"text\">Discover<\/span><span class=\"chenes-arrow\"><\/span>\n\t\t<\/div>\n\t<\/div>\n<\/div><div class=\"ls-hebergement\" data-postid='2820' data-id-reservation='131541' data-id-site='' data-id1='' data-nombre_de_personnes='4' data-nombre_de_chambres='2' data-type='location mobil-home'>\n\t<div class=\"ls-hebergement__thumb\">\n\t\t\t\t<img decoding=\"async\" src=\"https:\/\/www.camping-les-chenes.com\/wp-content\/uploads\/2023\/06\/MH-25.jpg\" alt=\"MOBIL HOME Premium Air-conditioned \u2013 TV \u2013 Dishwasher \u20132 bdrms \u2013 4 x 8.20m \/ Almond tree\" \/>\n\t<\/div>\n\t \n\t<div class=\"ls-hebergement__content\">\n\t\t<div class=\"ls-hebergement__title\">\n\t\t\tMOBIL HOME Premium Air-conditioned \u2013 TV \u2013 Dishwasher \u20132 bdrms \u2013 4 x 8.20m \/ Almond tree\t\t<\/div>\n\n\t\t<div class=\"ls-hebergement__details\">\n\n\t\t\t<div class=\"ls-hebergement__icons\">\n\n\t\t\t\t\t\t\t\t\t<span class=\"ls-hebergement__icon\">\n\t\t\t\t\t\t<i class=\"chenes-famille\"><\/i>\n\t\t\t\t\t\t<span>4<\/span>\n\t\t\t\t\t<\/span>\n\t\t\t\t\n\t\t\t\t\t\t\t\t\t<span class=\"ls-hebergement__icon\">\n\t\t\t\t\t\t<i class=\"chenes-porte\"><\/i>\n\t\t\t\t\t\t<span>2<\/span>\n\t\t\t\t\t<\/span>\n\t\t\t\t\n\t\t\t\t\t\t\t\t\t<span class=\"ls-hebergement__icon\">\n\t\t\t\t\t\t<i class=\"chenes-douche\"><\/i>\n\t\t\t\t\t\t<span>1<\/span>\n\t\t\t\t\t<\/span>\n\t\t\t\t\n\t\t\t\t\t\t\t\t\t<span class=\"ls-hebergement__icon\">\n\t\t\t\t\t\t<i class=\"chenes-surface\"><\/i>\n\t\t\t\t\t\t<span>32,8m\u00b2<\/span>\n\t\t\t\t\t<\/span>\n\t\t\t\t\n\t\t\t<\/div>\n\n\t\t\t<div class=\"ls-hebergement__options\">\n\t\t\t\t\t\t\t<\/div>\n\t\t<\/div>\n\t\t<div class=\"ls-hebergement__disponibilite ls-button aligncenter\">\n\t\t\t<span class=\"text\">Discover<\/span><span class=\"chenes-arrow\"><\/span>\n\t\t<\/div>\n\t<\/div>\n<\/div><div class=\"ls-hebergement\" data-postid='1753' data-id-reservation='10405' data-id-site='' data-id1='' data-nombre_de_personnes='4' data-nombre_de_chambres='2' data-type='location mobil-home' data-options-hebergements='climatisation'>\n\t<div class=\"ls-hebergement__thumb\">\n\t\t\t\t<img decoding=\"async\" src=\"https:\/\/www.camping-les-chenes.com\/wp-content\/uploads\/2023\/07\/MOBIL-HOME-Sans-Sanitaire-Climatise-2-ch-3-x-6m-Garrigue-1.jpg\" alt=\"MOBILE HOME Without air-conditioned sanitary &#8211; 2 bedrooms &#8211; 3 x 6m \/ Garrigue\" \/>\n\t<\/div>\n\t \n\t<div class=\"ls-hebergement__content\">\n\t\t<div class=\"ls-hebergement__title\">\n\t\t\tMOBILE HOME Without air-conditioned sanitary &#8211; 2 bedrooms &#8211; 3 x 6m \/ Garrigue\t\t<\/div>\n\n\t\t<div class=\"ls-hebergement__details\">\n\n\t\t\t<div class=\"ls-hebergement__icons\">\n\n\t\t\t\t\t\t\t\t\t<span class=\"ls-hebergement__icon\">\n\t\t\t\t\t\t<i class=\"chenes-famille\"><\/i>\n\t\t\t\t\t\t<span>4<\/span>\n\t\t\t\t\t<\/span>\n\t\t\t\t\n\t\t\t\t\t\t\t\t\t<span class=\"ls-hebergement__icon\">\n\t\t\t\t\t\t<i class=\"chenes-porte\"><\/i>\n\t\t\t\t\t\t<span>2<\/span>\n\t\t\t\t\t<\/span>\n\t\t\t\t\n\t\t\t\t\n\t\t\t\t\t\t\t\t\t<span class=\"ls-hebergement__icon\">\n\t\t\t\t\t\t<i class=\"chenes-surface\"><\/i>\n\t\t\t\t\t\t<span>18m\u00b2<\/span>\n\t\t\t\t\t<\/span>\n\t\t\t\t\n\t\t\t<\/div>\n\n\t\t\t<div class=\"ls-hebergement__options\">\n\t\t\t\t<span class=\"ls-hebergement__option\"><i class=\"chenes-three-climatisation\"><\/i><\/span>\t\t\t<\/div>\n\t\t<\/div>\n\t\t<div class=\"ls-hebergement__disponibilite ls-button aligncenter\">\n\t\t\t<span class=\"text\">Discover<\/span><span class=\"chenes-arrow\"><\/span>\n\t\t<\/div>\n\t<\/div>\n<\/div><div class=\"ls-hebergement\" data-postid='1752' data-id-reservation='39477' data-id-site='' data-id1='' data-nombre_de_personnes='4' data-nombre_de_chambres='2' data-type='location mobil-home' data-options-hebergements='climatisation'>\n\t<div class=\"ls-hebergement__thumb\">\n\t\t\t\t<img decoding=\"async\" src=\"https:\/\/www.camping-les-chenes.com\/wp-content\/uploads\/2023\/07\/MOBIL-HOME-Confort-Climatise-2-ch-3-x-7m-Genevrier-Murier-et-Pin-dAlep-1.jpg\" alt=\"MOBILE HOME Air-conditioned Comfort &#8211; 2 bdrms &#8211; 3 x 7m \/ Juniper, Mulberry and Aleppo Pine\" \/>\n\t<\/div>\n\t \n\t<div class=\"ls-hebergement__content\">\n\t\t<div class=\"ls-hebergement__title\">\n\t\t\tMOBILE HOME Air-conditioned Comfort &#8211; 2 bdrms &#8211; 3 x 7m \/ Juniper, Mulberry and Aleppo Pine\t\t<\/div>\n\n\t\t<div class=\"ls-hebergement__details\">\n\n\t\t\t<div class=\"ls-hebergement__icons\">\n\n\t\t\t\t\t\t\t\t\t<span class=\"ls-hebergement__icon\">\n\t\t\t\t\t\t<i class=\"chenes-famille\"><\/i>\n\t\t\t\t\t\t<span>4<\/span>\n\t\t\t\t\t<\/span>\n\t\t\t\t\n\t\t\t\t\t\t\t\t\t<span class=\"ls-hebergement__icon\">\n\t\t\t\t\t\t<i class=\"chenes-porte\"><\/i>\n\t\t\t\t\t\t<span>2<\/span>\n\t\t\t\t\t<\/span>\n\t\t\t\t\n\t\t\t\t\t\t\t\t\t<span class=\"ls-hebergement__icon\">\n\t\t\t\t\t\t<i class=\"chenes-douche\"><\/i>\n\t\t\t\t\t\t<span>1<\/span>\n\t\t\t\t\t<\/span>\n\t\t\t\t\n\t\t\t\t\t\t\t\t\t<span class=\"ls-hebergement__icon\">\n\t\t\t\t\t\t<i class=\"chenes-surface\"><\/i>\n\t\t\t\t\t\t<span>21m\u00b2<\/span>\n\t\t\t\t\t<\/span>\n\t\t\t\t\n\t\t\t<\/div>\n\n\t\t\t<div class=\"ls-hebergement__options\">\n\t\t\t\t<span class=\"ls-hebergement__option\"><i class=\"chenes-three-climatisation\"><\/i><\/span>\t\t\t<\/div>\n\t\t<\/div>\n\t\t<div class=\"ls-hebergement__disponibilite ls-button aligncenter\">\n\t\t\t<span class=\"text\">Discover<\/span><span class=\"chenes-arrow\"><\/span>\n\t\t<\/div>\n\t<\/div>\n<\/div><div class=\"ls-hebergement\" data-postid='1751' data-id-reservation='10396' data-id-site='' data-id1='' data-nombre_de_personnes='4' data-nombre_de_chambres='2' data-type='location mobil-home' data-options-hebergements='climatisation'>\n\t<div class=\"ls-hebergement__thumb\">\n\t\t\t\t<img decoding=\"async\" src=\"https:\/\/www.camping-les-chenes.com\/wp-content\/uploads\/2023\/07\/MOBIL-HOME-Confort-Climatise-2-ch-3-x-8m-Palmier-et-Olivier-1.jpg\" alt=\"MOBILE HOME Air-conditioned comfort &#8211; 2 bdrms &#8211; 3 x 8m \/ Palm and Olive tree\" \/>\n\t<\/div>\n\t \n\t<div class=\"ls-hebergement__content\">\n\t\t<div class=\"ls-hebergement__title\">\n\t\t\tMOBILE HOME Air-conditioned comfort &#8211; 2 bdrms &#8211; 3 x 8m \/ Palm and Olive tree\t\t<\/div>\n\n\t\t<div class=\"ls-hebergement__details\">\n\n\t\t\t<div class=\"ls-hebergement__icons\">\n\n\t\t\t\t\t\t\t\t\t<span class=\"ls-hebergement__icon\">\n\t\t\t\t\t\t<i class=\"chenes-famille\"><\/i>\n\t\t\t\t\t\t<span>4<\/span>\n\t\t\t\t\t<\/span>\n\t\t\t\t\n\t\t\t\t\t\t\t\t\t<span class=\"ls-hebergement__icon\">\n\t\t\t\t\t\t<i class=\"chenes-porte\"><\/i>\n\t\t\t\t\t\t<span>2<\/span>\n\t\t\t\t\t<\/span>\n\t\t\t\t\n\t\t\t\t\t\t\t\t\t<span class=\"ls-hebergement__icon\">\n\t\t\t\t\t\t<i class=\"chenes-douche\"><\/i>\n\t\t\t\t\t\t<span>1<\/span>\n\t\t\t\t\t<\/span>\n\t\t\t\t\n\t\t\t\t\t\t\t\t\t<span class=\"ls-hebergement__icon\">\n\t\t\t\t\t\t<i class=\"chenes-surface\"><\/i>\n\t\t\t\t\t\t<span>24m\u00b2<\/span>\n\t\t\t\t\t<\/span>\n\t\t\t\t\n\t\t\t<\/div>\n\n\t\t\t<div class=\"ls-hebergement__options\">\n\t\t\t\t<span class=\"ls-hebergement__option\"><i class=\"chenes-three-climatisation\"><\/i><\/span>\t\t\t<\/div>\n\t\t<\/div>\n\t\t<div class=\"ls-hebergement__disponibilite ls-button aligncenter\">\n\t\t\t<span class=\"text\">Discover<\/span><span class=\"chenes-arrow\"><\/span>\n\t\t<\/div>\n\t<\/div>\n<\/div><div class=\"ls-hebergement\" data-postid='1750' data-id-reservation='28042' data-id-site='' data-id1='' data-nombre_de_personnes='4' data-nombre_de_chambres='2' data-type='location mobil-home' data-options-hebergements='climatisation'>\n\t<div class=\"ls-hebergement__thumb\">\n\t\t\t\t<img decoding=\"async\" src=\"https:\/\/www.camping-les-chenes.com\/wp-content\/uploads\/2023\/07\/MOBIL-HOME-Confort-Climatise-2-ch-3.40-x-7.80m-Chene-Vert-1.jpg\" alt=\"MOBILE HOME Air-conditioned comfort &#8211; 2 bdrms &#8211; 3.40 x 7.80m \/ Green Oak\" \/>\n\t<\/div>\n\t \n\t<div class=\"ls-hebergement__content\">\n\t\t<div class=\"ls-hebergement__title\">\n\t\t\tMOBILE HOME Air-conditioned comfort &#8211; 2 bdrms &#8211; 3.40 x 7.80m \/ Green Oak\t\t<\/div>\n\n\t\t<div class=\"ls-hebergement__details\">\n\n\t\t\t<div class=\"ls-hebergement__icons\">\n\n\t\t\t\t\t\t\t\t\t<span class=\"ls-hebergement__icon\">\n\t\t\t\t\t\t<i class=\"chenes-famille\"><\/i>\n\t\t\t\t\t\t<span>4<\/span>\n\t\t\t\t\t<\/span>\n\t\t\t\t\n\t\t\t\t\t\t\t\t\t<span class=\"ls-hebergement__icon\">\n\t\t\t\t\t\t<i class=\"chenes-porte\"><\/i>\n\t\t\t\t\t\t<span>2<\/span>\n\t\t\t\t\t<\/span>\n\t\t\t\t\n\t\t\t\t\t\t\t\t\t<span class=\"ls-hebergement__icon\">\n\t\t\t\t\t\t<i class=\"chenes-douche\"><\/i>\n\t\t\t\t\t\t<span>1<\/span>\n\t\t\t\t\t<\/span>\n\t\t\t\t\n\t\t\t\t\t\t\t\t\t<span class=\"ls-hebergement__icon\">\n\t\t\t\t\t\t<i class=\"chenes-surface\"><\/i>\n\t\t\t\t\t\t<span>26m\u00b2<\/span>\n\t\t\t\t\t<\/span>\n\t\t\t\t\n\t\t\t<\/div>\n\n\t\t\t<div class=\"ls-hebergement__options\">\n\t\t\t\t<span class=\"ls-hebergement__option\"><i class=\"chenes-three-climatisation\"><\/i><\/span>\t\t\t<\/div>\n\t\t<\/div>\n\t\t<div class=\"ls-hebergement__disponibilite ls-button aligncenter\">\n\t\t\t<span class=\"text\">Discover<\/span><span class=\"chenes-arrow\"><\/span>\n\t\t<\/div>\n\t<\/div>\n<\/div><div class=\"ls-hebergement\" data-postid='1749' data-id-reservation='10395' data-id-site='' data-id1='' data-nombre_de_personnes='4' data-nombre_de_chambres='2' data-type='roulotte' data-options-hebergements='climatisation'>\n\t<div class=\"ls-hebergement__thumb\">\n\t\t\t\t<img decoding=\"async\" src=\"https:\/\/www.camping-les-chenes.com\/wp-content\/uploads\/2023\/07\/ROULOTTE-Climatisee-2-ch-810-x-3.22m-Cigale-Grillon-Chardonnet-Mesange.webp\" alt=\"CARAVAN Air-conditioned &#8211; 2 bd &#8211; 8,10 x 3.22m \/ Cicada, Cricket, Chardonnet, Chickadee\" \/>\n\t<\/div>\n\t \n\t<div class=\"ls-hebergement__content\">\n\t\t<div class=\"ls-hebergement__title\">\n\t\t\tCARAVAN Air-conditioned &#8211; 2 bd &#8211; 8,10 x 3.22m \/ Cicada, Cricket, Chardonnet, Chickadee\t\t<\/div>\n\n\t\t<div class=\"ls-hebergement__details\">\n\n\t\t\t<div class=\"ls-hebergement__icons\">\n\n\t\t\t\t\t\t\t\t\t<span class=\"ls-hebergement__icon\">\n\t\t\t\t\t\t<i class=\"chenes-famille\"><\/i>\n\t\t\t\t\t\t<span>4<\/span>\n\t\t\t\t\t<\/span>\n\t\t\t\t\n\t\t\t\t\t\t\t\t\t<span class=\"ls-hebergement__icon\">\n\t\t\t\t\t\t<i class=\"chenes-porte\"><\/i>\n\t\t\t\t\t\t<span>2<\/span>\n\t\t\t\t\t<\/span>\n\t\t\t\t\n\t\t\t\t\t\t\t\t\t<span class=\"ls-hebergement__icon\">\n\t\t\t\t\t\t<i class=\"chenes-douche\"><\/i>\n\t\t\t\t\t\t<span>1<\/span>\n\t\t\t\t\t<\/span>\n\t\t\t\t\n\t\t\t\t\t\t\t\t\t<span class=\"ls-hebergement__icon\">\n\t\t\t\t\t\t<i class=\"chenes-surface\"><\/i>\n\t\t\t\t\t\t<span>26m\u00b2<\/span>\n\t\t\t\t\t<\/span>\n\t\t\t\t\n\t\t\t<\/div>\n\n\t\t\t<div class=\"ls-hebergement__options\">\n\t\t\t\t<span class=\"ls-hebergement__option\"><i class=\"chenes-three-climatisation\"><\/i><\/span>\t\t\t<\/div>\n\t\t<\/div>\n\t\t<div class=\"ls-hebergement__disponibilite ls-button aligncenter\">\n\t\t\t<span class=\"text\">Discover<\/span><span class=\"chenes-arrow\"><\/span>\n\t\t<\/div>\n\t<\/div>\n<\/div><div class=\"ls-hebergement\" data-postid='1731' data-id-reservation='28043' data-id-site='' data-id1='' data-nombre_de_personnes='4' data-nombre_de_chambres='2' data-type='location mobil-home'>\n\t<div class=\"ls-hebergement__thumb\">\n\t\t\t\t<img decoding=\"async\" src=\"https:\/\/www.camping-les-chenes.com\/wp-content\/uploads\/2023\/07\/00000717468.webp\" alt=\"MOBILE HOME Comfort Plus Air-conditioned \u2013 TV \u2013 2 bdrms \u2013 4 x 8.20m \/ Jasmine and Mimosa\" \/>\n\t<\/div>\n\t \n\t<div class=\"ls-hebergement__content\">\n\t\t<div class=\"ls-hebergement__title\">\n\t\t\tMOBILE HOME Comfort Plus Air-conditioned \u2013 TV \u2013 2 bdrms \u2013 4 x 8.20m \/ Jasmine and Mimosa\t\t<\/div>\n\n\t\t<div class=\"ls-hebergement__details\">\n\n\t\t\t<div class=\"ls-hebergement__icons\">\n\n\t\t\t\t\t\t\t\t\t<span class=\"ls-hebergement__icon\">\n\t\t\t\t\t\t<i class=\"chenes-famille\"><\/i>\n\t\t\t\t\t\t<span>4<\/span>\n\t\t\t\t\t<\/span>\n\t\t\t\t\n\t\t\t\t\t\t\t\t\t<span class=\"ls-hebergement__icon\">\n\t\t\t\t\t\t<i class=\"chenes-porte\"><\/i>\n\t\t\t\t\t\t<span>2<\/span>\n\t\t\t\t\t<\/span>\n\t\t\t\t\n\t\t\t\t\t\t\t\t\t<span class=\"ls-hebergement__icon\">\n\t\t\t\t\t\t<i class=\"chenes-douche\"><\/i>\n\t\t\t\t\t\t<span>1<\/span>\n\t\t\t\t\t<\/span>\n\t\t\t\t\n\t\t\t\t\t\t\t\t\t<span class=\"ls-hebergement__icon\">\n\t\t\t\t\t\t<i class=\"chenes-surface\"><\/i>\n\t\t\t\t\t\t<span>32m\u00b2<\/span>\n\t\t\t\t\t<\/span>\n\t\t\t\t\n\t\t\t<\/div>\n\n\t\t\t<div class=\"ls-hebergement__options\">\n\t\t\t\t\t\t\t<\/div>\n\t\t<\/div>\n\t\t<div class=\"ls-hebergement__disponibilite ls-button aligncenter\">\n\t\t\t<span class=\"text\">Discover<\/span><span class=\"chenes-arrow\"><\/span>\n\t\t<\/div>\n\t<\/div>\n<\/div><div class=\"ls-hebergement\" data-postid='1729' data-id-reservation='10397' data-id-site='' data-id1='' data-nombre_de_personnes='6' data-nombre_de_chambres='3' data-type='location mobil-home'>\n\t<div class=\"ls-hebergement__thumb\">\n\t\t\t\t<img decoding=\"async\" src=\"https:\/\/www.camping-les-chenes.com\/wp-content\/uploads\/2023\/06\/mobil-home-6-personnes-camping-gard.jpg\" alt=\"MOBILE HOME Comfort Plus Air-conditioned \u2013 TV \u2013 3 bdrms \u2013 4.20 x 8.8m \/ Lavender\" \/>\n\t<\/div>\n\t \n\t<div class=\"ls-hebergement__content\">\n\t\t<div class=\"ls-hebergement__title\">\n\t\t\tMOBILE HOME Comfort Plus Air-conditioned \u2013 TV \u2013 3 bdrms \u2013 4.20 x 8.8m \/ Lavender\t\t<\/div>\n\n\t\t<div class=\"ls-hebergement__details\">\n\n\t\t\t<div class=\"ls-hebergement__icons\">\n\n\t\t\t\t\t\t\t\t\t<span class=\"ls-hebergement__icon\">\n\t\t\t\t\t\t<i class=\"chenes-famille\"><\/i>\n\t\t\t\t\t\t<span>6<\/span>\n\t\t\t\t\t<\/span>\n\t\t\t\t\n\t\t\t\t\t\t\t\t\t<span class=\"ls-hebergement__icon\">\n\t\t\t\t\t\t<i class=\"chenes-porte\"><\/i>\n\t\t\t\t\t\t<span>3<\/span>\n\t\t\t\t\t<\/span>\n\t\t\t\t\n\t\t\t\t\t\t\t\t\t<span class=\"ls-hebergement__icon\">\n\t\t\t\t\t\t<i class=\"chenes-douche\"><\/i>\n\t\t\t\t\t\t<span>1<\/span>\n\t\t\t\t\t<\/span>\n\t\t\t\t\n\t\t\t\t\t\t\t\t\t<span class=\"ls-hebergement__icon\">\n\t\t\t\t\t\t<i class=\"chenes-surface\"><\/i>\n\t\t\t\t\t\t<span>36m\u00b2<\/span>\n\t\t\t\t\t<\/span>\n\t\t\t\t\n\t\t\t<\/div>\n\n\t\t\t<div class=\"ls-hebergement__options\">\n\t\t\t\t\t\t\t<\/div>\n\t\t<\/div>\n\t\t<div class=\"ls-hebergement__disponibilite ls-button aligncenter\">\n\t\t\t<span class=\"text\">Discover<\/span><span class=\"chenes-arrow\"><\/span>\n\t\t<\/div>\n\t<\/div>\n<\/div><\/div><\/div>\n\n\n<p class=\"ls-paragraph has-text-align-center has-small-font-size\">The minimum stay is 2 nights for rentals from April 3rd to July 10th, 2026, and from August 22nd to October 16th, 2026.<br\/>The minimum stay is 3 nights from April 30th to May 3rd and from May 7th to May 10th. It is 4 nights from May 13th to May 17th.  <em>From 11\/07 to 21\/08, the minimum stay is 1 week; during this period, rentals are from Saturday to Saturday.<\/em><br\/><em>A deposit of 300\u20ac per rental unit is required on arrival and returned in full or in part depending on the condition of the rental unit. Payment can be made by cash, credit card or cheque.<\/em><\/p>\n\n\n    <\/div>\n<\/section><section id=\"ls-section-block_ef2fbd0e667da037feaef73aaee14fd8\" class=\"ls-section  home-piscine page-one\" >\n        <div class=\"container container--full\">\n        \n\n<div class=\"wp-block-columns is-layout-flex wp-container-core-columns-is-layout-9d6595d7 wp-block-columns-is-layout-flex\">\n<div class=\"wp-block-column is-vertically-aligned-center is-layout-flow wp-block-column-is-layout-flow\" style=\"flex-basis:33.33%\">\n<h2 class=\"ls__heading wp-block-heading animated fadeInLeft delay-100ms slow\">Our mobile homes for rent in Junas<\/h2>\n\n\n\n<p class=\"ls-paragraph\">Are you looking to <a href=\"https:\/\/www.camping-les-chenes.com\/en\/pitches-junas\/\">rent a spacious pitch<\/a><strong> or a well-equipped mobile home<\/strong> for your vacation in Junas in the Gard? You&#8217;ve come to the right place!<\/p>\n\n\n\n<p class=\"ls-paragraph\">At Les Ch\u00eanes campsite, you&#8217;ll enjoy air-conditioned rental accommodation with terrace and all the facilities you need for a dream holiday. Some are equipped with television or dishwasher<br\/>You choose to <strong>rent the mobile home<\/strong> best suited to your needs and budget.<\/p>\n<\/div>\n\n\n\n<div class=\"wp-block-column is-layout-flow wp-block-column-is-layout-flow\" style=\"flex-basis:66.66%\">\n<figure class=\"wp-block-gallery has-nested-images columns-default is-cropped page-one wp-block-gallery-1 is-layout-flex wp-block-gallery-is-layout-flex\">\n<figure class=\"wp-block-image size-full figure-1\"><a href=\"https:\/\/www.camping-les-chenes.com\/wp-content\/uploads\/2023\/07\/00000717468.webp\"><img decoding=\"async\" width=\"620\" height=\"466\" data-id=\"689\" src=\"https:\/\/www.camping-les-chenes.com\/wp-content\/uploads\/2023\/07\/00000717468.webp\" alt=\"MOBIL HOME Confort Plus Air-conditioned\" class=\"wp-image-689\" srcset=\"https:\/\/www.camping-les-chenes.com\/wp-content\/uploads\/2023\/07\/00000717468.webp 620w, https:\/\/www.camping-les-chenes.com\/wp-content\/uploads\/2023\/07\/00000717468-300x225.webp 300w\" sizes=\"(max-width: 620px) 100vw, 620px\" \/><\/a><\/figure>\n\n\n\n<figure class=\"wp-block-image size-full figure-2 animated fadeInDown delay-100ms slow\"><a href=\"https:\/\/www.camping-les-chenes.com\/wp-content\/uploads\/2023\/06\/MH-25.jpg\"><img decoding=\"async\" width=\"1702\" height=\"1340\" data-id=\"2994\" src=\"https:\/\/www.camping-les-chenes.com\/wp-content\/uploads\/2023\/06\/MH-25.jpg\" alt=\"MH 25\" class=\"wp-image-2994\" srcset=\"https:\/\/www.camping-les-chenes.com\/wp-content\/uploads\/2023\/06\/MH-25.jpg 1702w, https:\/\/www.camping-les-chenes.com\/wp-content\/uploads\/2023\/06\/MH-25-300x236.jpg 300w, https:\/\/www.camping-les-chenes.com\/wp-content\/uploads\/2023\/06\/MH-25-1024x806.jpg 1024w, https:\/\/www.camping-les-chenes.com\/wp-content\/uploads\/2023\/06\/MH-25-768x605.jpg 768w, https:\/\/www.camping-les-chenes.com\/wp-content\/uploads\/2023\/06\/MH-25-1536x1209.jpg 1536w\" sizes=\"(max-width: 1702px) 100vw, 1702px\" \/><\/a><\/figure>\n\n\n\n<figure class=\"wp-block-image size-large figure-3 animated fadeInRight delay-100ms slow\"><img decoding=\"async\" width=\"1024\" height=\"641\" data-id=\"589\" src=\"https:\/\/www.camping-les-chenes.com\/wp-content\/uploads\/2023\/06\/325498855_574210697884174_731342893068786569_n-1-1024x641.jpg\" alt=\"les Chenes 3-star campsite\" class=\"wp-image-589\" srcset=\"https:\/\/www.camping-les-chenes.com\/wp-content\/uploads\/2023\/06\/325498855_574210697884174_731342893068786569_n-1-1024x641.jpg 1024w, https:\/\/www.camping-les-chenes.com\/wp-content\/uploads\/2023\/06\/325498855_574210697884174_731342893068786569_n-1-300x188.jpg 300w, https:\/\/www.camping-les-chenes.com\/wp-content\/uploads\/2023\/06\/325498855_574210697884174_731342893068786569_n-1-768x480.jpg 768w, https:\/\/www.camping-les-chenes.com\/wp-content\/uploads\/2023\/06\/325498855_574210697884174_731342893068786569_n-1-1536x961.jpg 1536w, https:\/\/www.camping-les-chenes.com\/wp-content\/uploads\/2023\/06\/325498855_574210697884174_731342893068786569_n-1.jpg 2048w\" sizes=\"(max-width: 1024px) 100vw, 1024px\" \/><\/figure>\n<\/figure>\n<\/div>\n<\/div>\n\n\n    <\/div>\n<\/section><section id=\"ls-section-block_28b729c1478fec847018a2c0cfb40764\" class=\"ls-section  home-ecologie page-two\" >\n        <div class=\"container container--full\">\n        \n\n<div class=\"wp-block-columns first is-layout-flex wp-container-core-columns-is-layout-9d6595d7 wp-block-columns-is-layout-flex\">\n<div class=\"wp-block-column is-layout-flow wp-block-column-is-layout-flow\">\n<figure class=\"wp-block-image size-full\"><img decoding=\"async\" width=\"1323\" height=\"540\" src=\"https:\/\/www.camping-les-chenes.com\/wp-content\/uploads\/2023\/07\/photo-mobile-home-4-a-6-personnes-Junas_resultat.webp\" alt=\"photo mobile home 4 to 6 people Junas result\" class=\"wp-image-1080\" srcset=\"https:\/\/www.camping-les-chenes.com\/wp-content\/uploads\/2023\/07\/photo-mobile-home-4-a-6-personnes-Junas_resultat.webp 1323w, https:\/\/www.camping-les-chenes.com\/wp-content\/uploads\/2023\/07\/photo-mobile-home-4-a-6-personnes-Junas_resultat-300x122.webp 300w, https:\/\/www.camping-les-chenes.com\/wp-content\/uploads\/2023\/07\/photo-mobile-home-4-a-6-personnes-Junas_resultat-1024x418.webp 1024w, https:\/\/www.camping-les-chenes.com\/wp-content\/uploads\/2023\/07\/photo-mobile-home-4-a-6-personnes-Junas_resultat-768x313.webp 768w\" sizes=\"(max-width: 1323px) 100vw, 1323px\" \/><\/figure>\n\n\n\n<div class=\"wp-block-columns second is-layout-flex wp-container-core-columns-is-layout-9d6595d7 wp-block-columns-is-layout-flex\">\n<div class=\"wp-block-column left is-layout-flow wp-block-column-is-layout-flow\" style=\"flex-basis:66.66%\">\n<h2 class=\"ls__heading wp-block-heading\">Our accommodation for 1 to 6 people<\/h2>\n\n\n\n<p class=\"ls-paragraph\">Looking for a mobile home vacation in the Gard? Discover <strong>our range of ideal<\/strong>, comfortable rentals to share with family, friends or just the two of you.<\/p>\n\n\n\n<p class=\"ls-paragraph\">Whether you&#8217;re traveling alone, as a couple, a group of four, or a group of six, you&#8217;ll find accommodations to suit your needs. Air conditioning, bedrooms with wardrobes, a fully equipped kitchen, a bathroom, and a separate toilet: everything you need for a fantastic nature holiday in Junas, Gard! If you&#8217;d prefer something a little different with all the comforts, choose one of our fully equipped caravans: air conditioning, a kitchenette, a refrigerator, and separate toilet and bathroom. <\/p>\n\n\n\n<p class=\"ls-paragraph\">Book your <strong>favorite mobile home<\/strong> now! Arrivals between 4 pm and 8 pm and departures between 8 am and 10 am.<\/p>\n<\/div>\n\n\n\n<div class=\"wp-block-column is-vertically-aligned-center right is-layout-flow wp-block-column-is-layout-flow\" style=\"flex-basis:33.33%\"><\/div>\n<\/div>\n<\/div>\n<\/div>\n\n\n    <\/div>\n<\/section><section id=\"ls-section-block_5746fe1ccc68561ccba2e542416a28c3\" class=\"ls-section  home-piscine page-three\" >\n        <div class=\"container container--full\">\n        \n\n<div class=\"wp-block-columns is-layout-flex wp-container-core-columns-is-layout-9d6595d7 wp-block-columns-is-layout-flex\">\n<div class=\"wp-block-column is-layout-flow wp-block-column-is-layout-flow\" style=\"flex-basis:66.66%\">\n<figure class=\"wp-block-gallery has-nested-images columns-default is-cropped page-one wp-block-gallery-2 is-layout-flex wp-block-gallery-is-layout-flex\">\n<figure class=\"wp-block-image size-full figure-1\"><a href=\"https:\/\/www.camping-les-chenes.com\/wp-content\/uploads\/2023\/07\/ROULOTTE-Climatisee-2-ch-810-x-3.22m-Cigale-Grillon-Chardonnet-Mesange.webp\"><img decoding=\"async\" width=\"480\" height=\"360\" data-id=\"692\" src=\"https:\/\/www.camping-les-chenes.com\/wp-content\/uploads\/2023\/07\/ROULOTTE-Climatisee-2-ch-810-x-3.22m-Cigale-Grillon-Chardonnet-Mesange.webp\" alt=\"ROULOTTE Air-conditioned 2 hp 8.10 x 3.22m Cicada, Cricket, Chardonnet, Chickadee\" class=\"wp-image-692\" srcset=\"https:\/\/www.camping-les-chenes.com\/wp-content\/uploads\/2023\/07\/ROULOTTE-Climatisee-2-ch-810-x-3.22m-Cigale-Grillon-Chardonnet-Mesange.webp 480w, https:\/\/www.camping-les-chenes.com\/wp-content\/uploads\/2023\/07\/ROULOTTE-Climatisee-2-ch-810-x-3.22m-Cigale-Grillon-Chardonnet-Mesange-300x225.webp 300w\" sizes=\"(max-width: 480px) 100vw, 480px\" \/><\/a><\/figure>\n\n\n\n<figure class=\"wp-block-image size-full figure-2 animated fadeInDown delay-100ms slow\"><a href=\"https:\/\/www.camping-les-chenes.com\/wp-content\/uploads\/2024\/02\/interieur-roulotte-2.webp\"><img decoding=\"async\" width=\"1000\" height=\"667\" data-id=\"2803\" src=\"https:\/\/www.camping-les-chenes.com\/wp-content\/uploads\/2024\/02\/interieur-roulotte-2.webp\" alt=\"interieur roulotte 2\" class=\"wp-image-2803\" srcset=\"https:\/\/www.camping-les-chenes.com\/wp-content\/uploads\/2024\/02\/interieur-roulotte-2.webp 1000w, https:\/\/www.camping-les-chenes.com\/wp-content\/uploads\/2024\/02\/interieur-roulotte-2-300x200.webp 300w, https:\/\/www.camping-les-chenes.com\/wp-content\/uploads\/2024\/02\/interieur-roulotte-2-768x512.webp 768w\" sizes=\"(max-width: 1000px) 100vw, 1000px\" \/><\/a><\/figure>\n\n\n\n<figure class=\"wp-block-image size-full figure-3 animated fadeInLeft delay-100ms slow\"><a href=\"https:\/\/www.camping-les-chenes.com\/wp-content\/uploads\/2023\/12\/plan-ROULOTTE.jpg\"><img decoding=\"async\" width=\"800\" height=\"279\" data-id=\"1231\" src=\"https:\/\/www.camping-les-chenes.com\/wp-content\/uploads\/2023\/12\/plan-ROULOTTE.jpg\" alt=\"ROULOTTE plan\" class=\"wp-image-1231\" srcset=\"https:\/\/www.camping-les-chenes.com\/wp-content\/uploads\/2023\/12\/plan-ROULOTTE.jpg 800w, https:\/\/www.camping-les-chenes.com\/wp-content\/uploads\/2023\/12\/plan-ROULOTTE-300x105.jpg 300w, https:\/\/www.camping-les-chenes.com\/wp-content\/uploads\/2023\/12\/plan-ROULOTTE-768x268.jpg 768w\" sizes=\"(max-width: 800px) 100vw, 800px\" \/><\/a><\/figure>\n<\/figure>\n<\/div>\n\n\n\n<div class=\"wp-block-column is-vertically-aligned-center is-layout-flow wp-block-column-is-layout-flow\" style=\"flex-basis:33.33%\">\n<h2 class=\"ls__heading wp-block-heading animated fadeInRight delay-100ms slow\">Atypical caravan vacations in the Gard<\/h2>\n\n\n\n<p class=\"ls-paragraph\">Would you like <strong>a chic, cosy and out-of-the-ordinary experience<\/strong>? <strong>Glamping <\/strong>is for you!<\/p>\n\n\n\n<p class=\"ls-paragraph\">Opt for an <a href=\"https:\/\/www.camping-les-chenes.com\/en\/\"><strong><strong><strong>unusual accommodation <\/strong><\/strong><\/strong><\/a>like a gypsy caravan. <strong>At Camping Les Ch\u00eanes in Junas<\/strong>, Gard, you&#8217;ll find surprising rental options. Guaranteed to provide a unique and unforgettable experience, perfect for families, friends, or couples!<br\/>Combine comfort and nature by choosing one of our fully equipped, air-conditioned caravans (kitchenette, refrigerator, separate toilet and bathroom, etc.) with a covered outdoor dining area: Cigale, Grillon, Chardonnet, or M\u00e9sange. <\/p>\n<\/div>\n<\/div>\n\n\n    <\/div>\n<\/section><section id=\"ls-section-block_28b729c1478fec847018a2c0cfb40764\" class=\"ls-section  home-ecologie page-two\" >\n        <div class=\"container container--full\">\n        \n\n<div class=\"wp-block-columns first is-layout-flex wp-container-core-columns-is-layout-9d6595d7 wp-block-columns-is-layout-flex\">\n<div class=\"wp-block-column is-layout-flow wp-block-column-is-layout-flow\">\n<figure class=\"wp-block-image size-full\"><img decoding=\"async\" width=\"1280\" height=\"543\" src=\"https:\/\/www.camping-les-chenes.com\/wp-content\/uploads\/2023\/07\/Gorge-du-Gardon_r.webp\" alt=\"Gorge du Gardon r\" class=\"wp-image-1083\" srcset=\"https:\/\/www.camping-les-chenes.com\/wp-content\/uploads\/2023\/07\/Gorge-du-Gardon_r.webp 1280w, https:\/\/www.camping-les-chenes.com\/wp-content\/uploads\/2023\/07\/Gorge-du-Gardon_r-300x127.webp 300w, https:\/\/www.camping-les-chenes.com\/wp-content\/uploads\/2023\/07\/Gorge-du-Gardon_r-1024x434.webp 1024w, https:\/\/www.camping-les-chenes.com\/wp-content\/uploads\/2023\/07\/Gorge-du-Gardon_r-768x326.webp 768w\" sizes=\"(max-width: 1280px) 100vw, 1280px\" \/><\/figure>\n\n\n\n<div class=\"wp-block-columns second is-layout-flex wp-container-core-columns-is-layout-9d6595d7 wp-block-columns-is-layout-flex\">\n<div class=\"wp-block-column left is-layout-flow wp-block-column-is-layout-flow\" style=\"flex-basis:66.66%\">\n<h2 class=\"ls__heading wp-block-heading\">Become a Junas resident<\/h2>\n\n\n\n<p class=\"ls-paragraph\">Do you enjoy the great outdoors? Want to extend your camping adventure? Do you love the Gard department and the surrounding area? Why not <strong>become a resident of the campsite<\/strong>?<\/p>\n\n\n\n<p class=\"ls-paragraph\"><strong>Becoming a resident<\/strong> at Les Ch\u00eanes is possible from April to October. If you&#8217;d like to try it, please contact the campsite for more information. <strong>Living on a campsite for most of<\/strong> the year means living close to nature, in the fresh air, in a privileged, rejuvenating setting.<\/p>\n<\/div>\n\n\n\n<div class=\"wp-block-column is-vertically-aligned-center right is-layout-flow wp-block-column-is-layout-flow\" style=\"flex-basis:33.33%\"><\/div>\n<\/div>\n<\/div>\n<\/div>\n\n\n    <\/div>\n<\/section><section id=\"ls-section-block_bcbf41cb47b874ce0408bf77ea9a409a\" class=\"ls-section  page-maillage\" >\n        <div class=\"container container--wide\">\n        \n\n<div id=\"ls-heading ls-titre-div-block_0d114245aa3c0e795863ee1a035cd856\" class=\"ls-titre-div h2-like\" >\n    Discover the activities around the campsite, the pitches and our rates!<\/div>\n\n\n<div id=\"ls-maillage-block_9d85099b4a680c9703f92b5fe5f60b47\" class=\"ls-maillage cta-style-normal\" data-rows=\"3\">\n    <div class=\"wp-block-columns\"><div class=\"wp-block-column\">\n\n<a href=\"https:\/\/www.camping-les-chenes.com\/en\/cheap-camping-in-junas\/\" target=\"\" rel=\"noopener\" class=\"ls-cta__link\">\n\n\t<div class=\"ls-cta__image\"><img decoding=\"async\" src=\"https:\/\/www.camping-les-chenes.com\/wp-content\/uploads\/2023\/07\/Promotion-Camping-Junas_-768x512.jpeg\" alt=\"Promotion Camping Junas\"><\/div>\n\t<div class=\"ls-cta__title\">\n\t\tRates\t<\/div>\n\n\t\t\n<\/a><\/div><div class=\"wp-block-column\">\n\n<a href=\"https:\/\/www.camping-les-chenes.com\/en\/things-to-do-in-the-gard\/\" target=\"\" rel=\"noopener\" class=\"ls-cta__link\">\n\n\t<div class=\"ls-cta__image\"><img decoding=\"async\" src=\"https:\/\/www.camping-les-chenes.com\/wp-content\/uploads\/2023\/07\/Sequarium_Gard-768x511.jpg\" alt=\"Camping near Sequarium Gard\"><\/div>\n\t<div class=\"ls-cta__title\">\n\t\tActivities around the campsite\t<\/div>\n\n\t\t\n<\/a><\/div><div class=\"wp-block-column\">\n\n<a href=\"https:\/\/www.camping-les-chenes.com\/en\/pitches-junas\/\" target=\"\" rel=\"noopener\" class=\"ls-cta__link\">\n\n\t<div class=\"ls-cta__image\"><img decoding=\"async\" src=\"https:\/\/www.camping-les-chenes.com\/wp-content\/uploads\/2023\/07\/Emplacement-de-camping-junas-Gard_-768x577.jpg\" alt=\"Camping pitch junas Gard\"><\/div>\n\t<div class=\"ls-cta__title\">\n\t\tPitches\t<\/div>\n\n\t\t\n<\/a><\/div><\/div><\/div>\n\n    <\/div>\n<\/section>","protected":false},"excerpt":{"rendered":"","protected":false},"author":1,"featured_media":730,"parent":0,"menu_order":0,"comment_status":"closed","ping_status":"closed","template":"template-hebergements.php","meta":{"_acf_changed":false,"footnotes":""},"sujet":[],"class_list":["post-1804","page","type-page","status-publish","has-post-thumbnail","hentry"],"acf":[],"yoast_head":"<!-- This site is optimized with the Yoast SEO plugin v26.2 - https:\/\/yoast.com\/wordpress\/plugins\/seo\/ -->\n<title>Rent a mobile home in Junas | Rent a mobile home in Gard<\/title>\n<meta name=\"description\" content=\"Camping Les Ch\u00eanes offers mobile home rentals in Occitanie near Sommi\u00e8res between the Gard and H\u00e9rault departments for your vacation.\" \/>\n<meta name=\"robots\" content=\"index, follow, max-snippet:-1, max-image-preview:large, max-video-preview:-1\" \/>\n<link rel=\"canonical\" href=\"https:\/\/www.camping-les-chenes.com\/en\/rental-mobile-home-junas\/\" \/>\n<meta property=\"og:locale\" content=\"en_US\" \/>\n<meta property=\"og:type\" content=\"article\" \/>\n<meta property=\"og:title\" content=\"Rent a mobile home in Junas | Rent a mobile home in Gard\" \/>\n<meta property=\"og:description\" content=\"Camping Les Ch\u00eanes offers mobile home rentals in Occitanie near Sommi\u00e8res between the Gard and H\u00e9rault departments for your vacation.\" \/>\n<meta property=\"og:url\" content=\"https:\/\/www.camping-les-chenes.com\/en\/rental-mobile-home-junas\/\" \/>\n<meta property=\"og:site_name\" content=\"Camping les Ch\u00eanes\" \/>\n<meta property=\"article:modified_time\" content=\"2025-12-18T22:44:49+00:00\" \/>\n<meta property=\"og:image\" content=\"https:\/\/www.camping-les-chenes.com\/wp-content\/uploads\/2023\/07\/gorge-du-gardon_.jpg\" \/>\n\t<meta property=\"og:image:width\" content=\"1199\" \/>\n\t<meta property=\"og:image:height\" content=\"847\" \/>\n\t<meta property=\"og:image:type\" content=\"image\/jpeg\" \/>\n<meta name=\"twitter:card\" content=\"summary_large_image\" \/>\n<meta name=\"twitter:label1\" content=\"Est. reading time\" \/>\n\t<meta name=\"twitter:data1\" content=\"2 minutes\" \/>\n<script type=\"application\/ld+json\" class=\"yoast-schema-graph\">{\"@context\":\"https:\/\/schema.org\",\"@graph\":[{\"@type\":\"WebPage\",\"@id\":\"https:\/\/www.camping-les-chenes.com\/en\/rental-mobile-home-junas\/\",\"url\":\"https:\/\/www.camping-les-chenes.com\/en\/rental-mobile-home-junas\/\",\"name\":\"Rent a mobile home in Junas | Rent a mobile home in Gard\",\"isPartOf\":{\"@id\":\"https:\/\/www.camping-les-chenes.com\/#website\"},\"primaryImageOfPage\":{\"@id\":\"https:\/\/www.camping-les-chenes.com\/en\/rental-mobile-home-junas\/#primaryimage\"},\"image\":{\"@id\":\"https:\/\/www.camping-les-chenes.com\/en\/rental-mobile-home-junas\/#primaryimage\"},\"thumbnailUrl\":\"https:\/\/www.camping-les-chenes.com\/wp-content\/uploads\/2023\/07\/gorge-du-gardon_.jpg\",\"datePublished\":\"2023-06-07T08:06:36+00:00\",\"dateModified\":\"2025-12-18T22:44:49+00:00\",\"description\":\"Camping Les Ch\u00eanes offers mobile home rentals in Occitanie near Sommi\u00e8res between the Gard and H\u00e9rault departments for your vacation.\",\"breadcrumb\":{\"@id\":\"https:\/\/www.camping-les-chenes.com\/en\/rental-mobile-home-junas\/#breadcrumb\"},\"inLanguage\":\"en-US\",\"potentialAction\":[{\"@type\":\"ReadAction\",\"target\":[\"https:\/\/www.camping-les-chenes.com\/en\/rental-mobile-home-junas\/\"]}]},{\"@type\":\"ImageObject\",\"inLanguage\":\"en-US\",\"@id\":\"https:\/\/www.camping-les-chenes.com\/en\/rental-mobile-home-junas\/#primaryimage\",\"url\":\"https:\/\/www.camping-les-chenes.com\/wp-content\/uploads\/2023\/07\/gorge-du-gardon_.jpg\",\"contentUrl\":\"https:\/\/www.camping-les-chenes.com\/wp-content\/uploads\/2023\/07\/gorge-du-gardon_.jpg\",\"width\":1199,\"height\":847,\"caption\":\"gardon gorge\"},{\"@type\":\"BreadcrumbList\",\"@id\":\"https:\/\/www.camping-les-chenes.com\/en\/rental-mobile-home-junas\/#breadcrumb\",\"itemListElement\":[{\"@type\":\"ListItem\",\"position\":1,\"name\":\"Camping Gard\",\"item\":\"https:\/\/www.camping-les-chenes.com\/en\/\"},{\"@type\":\"ListItem\",\"position\":2,\"name\":\"Mobile home rental in Junas\"}]},{\"@type\":\"WebSite\",\"@id\":\"https:\/\/www.camping-les-chenes.com\/#website\",\"url\":\"https:\/\/www.camping-les-chenes.com\/\",\"name\":\"Camping les Ch\u00eanes\",\"description\":\"\",\"publisher\":{\"@id\":\"https:\/\/www.camping-les-chenes.com\/#organization\"},\"potentialAction\":[{\"@type\":\"SearchAction\",\"target\":{\"@type\":\"EntryPoint\",\"urlTemplate\":\"https:\/\/www.camping-les-chenes.com\/?s={search_term_string}\"},\"query-input\":{\"@type\":\"PropertyValueSpecification\",\"valueRequired\":true,\"valueName\":\"search_term_string\"}}],\"inLanguage\":\"en-US\"},{\"@type\":\"Organization\",\"@id\":\"https:\/\/www.camping-les-chenes.com\/#organization\",\"name\":\"Camping les Ch\u00eanes\",\"url\":\"https:\/\/www.camping-les-chenes.com\/\",\"logo\":{\"@type\":\"ImageObject\",\"inLanguage\":\"en-US\",\"@id\":\"https:\/\/www.camping-les-chenes.com\/#\/schema\/logo\/image\/\",\"url\":\"https:\/\/www.camping-les-chenes.com\/wp-content\/uploads\/2023\/06\/cropped-camping-les-chenes-junas-1.png\",\"contentUrl\":\"https:\/\/www.camping-les-chenes.com\/wp-content\/uploads\/2023\/06\/cropped-camping-les-chenes-junas-1.png\",\"width\":650,\"height\":413,\"caption\":\"Camping les Ch\u00eanes\"},\"image\":{\"@id\":\"https:\/\/www.camping-les-chenes.com\/#\/schema\/logo\/image\/\"}}]}<\/script>\n<!-- \/ Yoast SEO plugin. -->","yoast_head_json":{"title":"Rent a mobile home in Junas | Rent a mobile home in Gard","description":"Camping Les Ch\u00eanes offers mobile home rentals in Occitanie near Sommi\u00e8res between the Gard and H\u00e9rault departments for your vacation.","robots":{"index":"index","follow":"follow","max-snippet":"max-snippet:-1","max-image-preview":"max-image-preview:large","max-video-preview":"max-video-preview:-1"},"canonical":"https:\/\/www.camping-les-chenes.com\/en\/rental-mobile-home-junas\/","og_locale":"en_US","og_type":"article","og_title":"Rent a mobile home in Junas | Rent a mobile home in Gard","og_description":"Camping Les Ch\u00eanes offers mobile home rentals in Occitanie near Sommi\u00e8res between the Gard and H\u00e9rault departments for your vacation.","og_url":"https:\/\/www.camping-les-chenes.com\/en\/rental-mobile-home-junas\/","og_site_name":"Camping les Ch\u00eanes","article_modified_time":"2025-12-18T22:44:49+00:00","og_image":[{"width":1199,"height":847,"url":"https:\/\/www.camping-les-chenes.com\/wp-content\/uploads\/2023\/07\/gorge-du-gardon_.jpg","type":"image\/jpeg"}],"twitter_card":"summary_large_image","twitter_misc":{"Est. reading time":"2 minutes"},"schema":{"@context":"https:\/\/schema.org","@graph":[{"@type":"WebPage","@id":"https:\/\/www.camping-les-chenes.com\/en\/rental-mobile-home-junas\/","url":"https:\/\/www.camping-les-chenes.com\/en\/rental-mobile-home-junas\/","name":"Rent a mobile home in Junas | Rent a mobile home in Gard","isPartOf":{"@id":"https:\/\/www.camping-les-chenes.com\/#website"},"primaryImageOfPage":{"@id":"https:\/\/www.camping-les-chenes.com\/en\/rental-mobile-home-junas\/#primaryimage"},"image":{"@id":"https:\/\/www.camping-les-chenes.com\/en\/rental-mobile-home-junas\/#primaryimage"},"thumbnailUrl":"https:\/\/www.camping-les-chenes.com\/wp-content\/uploads\/2023\/07\/gorge-du-gardon_.jpg","datePublished":"2023-06-07T08:06:36+00:00","dateModified":"2025-12-18T22:44:49+00:00","description":"Camping Les Ch\u00eanes offers mobile home rentals in Occitanie near Sommi\u00e8res between the Gard and H\u00e9rault departments for your vacation.","breadcrumb":{"@id":"https:\/\/www.camping-les-chenes.com\/en\/rental-mobile-home-junas\/#breadcrumb"},"inLanguage":"en-US","potentialAction":[{"@type":"ReadAction","target":["https:\/\/www.camping-les-chenes.com\/en\/rental-mobile-home-junas\/"]}]},{"@type":"ImageObject","inLanguage":"en-US","@id":"https:\/\/www.camping-les-chenes.com\/en\/rental-mobile-home-junas\/#primaryimage","url":"https:\/\/www.camping-les-chenes.com\/wp-content\/uploads\/2023\/07\/gorge-du-gardon_.jpg","contentUrl":"https:\/\/www.camping-les-chenes.com\/wp-content\/uploads\/2023\/07\/gorge-du-gardon_.jpg","width":1199,"height":847,"caption":"gardon gorge"},{"@type":"BreadcrumbList","@id":"https:\/\/www.camping-les-chenes.com\/en\/rental-mobile-home-junas\/#breadcrumb","itemListElement":[{"@type":"ListItem","position":1,"name":"Camping Gard","item":"https:\/\/www.camping-les-chenes.com\/en\/"},{"@type":"ListItem","position":2,"name":"Mobile home rental in Junas"}]},{"@type":"WebSite","@id":"https:\/\/www.camping-les-chenes.com\/#website","url":"https:\/\/www.camping-les-chenes.com\/","name":"Camping les Ch\u00eanes","description":"","publisher":{"@id":"https:\/\/www.camping-les-chenes.com\/#organization"},"potentialAction":[{"@type":"SearchAction","target":{"@type":"EntryPoint","urlTemplate":"https:\/\/www.camping-les-chenes.com\/?s={search_term_string}"},"query-input":{"@type":"PropertyValueSpecification","valueRequired":true,"valueName":"search_term_string"}}],"inLanguage":"en-US"},{"@type":"Organization","@id":"https:\/\/www.camping-les-chenes.com\/#organization","name":"Camping les Ch\u00eanes","url":"https:\/\/www.camping-les-chenes.com\/","logo":{"@type":"ImageObject","inLanguage":"en-US","@id":"https:\/\/www.camping-les-chenes.com\/#\/schema\/logo\/image\/","url":"https:\/\/www.camping-les-chenes.com\/wp-content\/uploads\/2023\/06\/cropped-camping-les-chenes-junas-1.png","contentUrl":"https:\/\/www.camping-les-chenes.com\/wp-content\/uploads\/2023\/06\/cropped-camping-les-chenes-junas-1.png","width":650,"height":413,"caption":"Camping les Ch\u00eanes"},"image":{"@id":"https:\/\/www.camping-les-chenes.com\/#\/schema\/logo\/image\/"}}]}},"_links":{"self":[{"href":"https:\/\/www.camping-les-chenes.com\/en\/wp-json\/wp\/v2\/pages\/1804","targetHints":{"allow":["GET"]}}],"collection":[{"href":"https:\/\/www.camping-les-chenes.com\/en\/wp-json\/wp\/v2\/pages"}],"about":[{"href":"https:\/\/www.camping-les-chenes.com\/en\/wp-json\/wp\/v2\/types\/page"}],"author":[{"embeddable":true,"href":"https:\/\/www.camping-les-chenes.com\/en\/wp-json\/wp\/v2\/users\/1"}],"replies":[{"embeddable":true,"href":"https:\/\/www.camping-les-chenes.com\/en\/wp-json\/wp\/v2\/comments?post=1804"}],"version-history":[{"count":17,"href":"https:\/\/www.camping-les-chenes.com\/en\/wp-json\/wp\/v2\/pages\/1804\/revisions"}],"predecessor-version":[{"id":3263,"href":"https:\/\/www.camping-les-chenes.com\/en\/wp-json\/wp\/v2\/pages\/1804\/revisions\/3263"}],"wp:featuredmedia":[{"embeddable":true,"href":"https:\/\/www.camping-les-chenes.com\/en\/wp-json\/wp\/v2\/media\/730"}],"wp:attachment":[{"href":"https:\/\/www.camping-les-chenes.com\/en\/wp-json\/wp\/v2\/media?parent=1804"}],"wp:term":[{"taxonomy":"sujet","embeddable":true,"href":"https:\/\/www.camping-les-chenes.com\/en\/wp-json\/wp\/v2\/sujet?post=1804"}],"curies":[{"name":"wp","href":"https:\/\/api.w.org\/{rel}","templated":true}]}}